{"id":131,"date":"2022-03-03T13:15:40","date_gmt":"2022-03-03T13:15:40","guid":{"rendered":"http:\/\/www.cambralgtbiq.org\/?page_id=131"},"modified":"2023-03-29T13:36:48","modified_gmt":"2023-03-29T13:36:48","slug":"servicios","status":"publish","type":"page","link":"https:\/\/www.cambralgtbiq.org\/es\/servicios\/","title":{"rendered":"Servicios"},"content":{"rendered":"<p>[vc_row css_animation=\u00bb\u00bb row_type=\u00bbrow\u00bb use_row_as_full_screen_section=\u00bbno\u00bb type=\u00bbgrid\u00bb angled_section=\u00bbno\u00bb text_align=\u00bbcenter\u00bb background_image_as_pattern=\u00bbwithout_pattern\u00bb z_index=\u00bb\u00bb css=\u00bb.vc_custom_1644931301752{padding-top: 250px !important;padding-bottom: 250px !important;background-image: url(http:\/\/www.cambralgtbiq.org\/wp-content\/uploads\/2022\/02\/fondoobjetivos.jpg?id=126) !important;}\u00bb el_class=\u00bbcenter-justified\u00bb][vc_column width=\u00bb1\/6&#8243;][\/vc_column][vc_column width=\u00bb2\/3&#8243;][vc_column_text]<\/p>\n<h3 style=\"color: #fff; text-align: center;\">Servicios<\/h3>\n<p>[\/vc_column_text][vc_separator type=\u00bbsmall\u00bb position=\u00bbcenter\u00bb color=\u00bb#ffffff\u00bb thickness=\u00bb2px\u00bb up=\u00bb30&#8243;][vc_column_text]<span style=\"font-weight: 400; color: white;\">La Cambra LGTBIQ+ dispone de una cartera de servicios orientada a las necesidades de sus miembros, algunos de los servicios m\u00e1s destacados son:<\/span>[\/vc_column_text][\/vc_column][vc_column width=\u00bb1\/6&#8243;][\/vc_column][\/vc_row][vc_row css_animation=\u00bb\u00bb row_type=\u00bbrow\u00bb use_row_as_full_screen_section=\u00bbno\u00bb type=\u00bbgrid\u00bb angled_section=\u00bbno\u00bb text_align=\u00bbcenter\u00bb background_image_as_pattern=\u00bbwithout_pattern\u00bb z_index=\u00bb\u00bb css=\u00bb.vc_custom_1646313041860{padding-top: 50px !important;}\u00bb el_class=\u00bbcenter-justified\u00bb][vc_column width=\u00bb1\/5&#8243;][vc_single_image image=\u00bb133&#8243; img_size=\u00bbfull\u00bb alignment=\u00bbcenter\u00bb qode_css_animation=\u00bb\u00bb][vc_column_text]<span style=\"font-weight: 400;\">Asesoramiento Jur\u00eddico Gratuito<\/span>[\/vc_column_text][\/vc_column][vc_column width=\u00bb1\/5&#8243;][vc_single_image image=\u00bb144&#8243; img_size=\u00bbfull\u00bb alignment=\u00bbcenter\u00bb qode_css_animation=\u00bb\u00bb][vc_column_text]<span style=\"font-weight: 400;\">Oficina de Informaci\u00f3n y Gesti\u00f3n de Subvenciones y Ayudas P\u00fablicas<\/span>[\/vc_column_text][\/vc_column][vc_column width=\u00bb1\/5&#8243;][vc_single_image image=\u00bb136&#8243; img_size=\u00bbfull\u00bb alignment=\u00bbcenter\u00bb qode_css_animation=\u00bb\u00bb][vc_column_text]<span style=\"font-weight: 400;\">Asesoramiento profesional en \u00e1mbito urban\u00edstico y licencias<\/span>[\/vc_column_text][\/vc_column][vc_column width=\u00bb1\/5&#8243;][vc_single_image image=\u00bb139&#8243; img_size=\u00bbfull\u00bb alignment=\u00bbcenter\u00bb qode_css_animation=\u00bb\u00bb][vc_column_text]<span style=\"font-weight: 400;\">Descuentos especiales en proveedores recomendados<\/span>[\/vc_column_text][\/vc_column][vc_column width=\u00bb1\/5&#8243;][vc_single_image image=\u00bb141&#8243; img_size=\u00bbfull\u00bb alignment=\u00bbcenter\u00bb qode_css_animation=\u00bb\u00bb][vc_column_text]<span style=\"font-weight: 400;\">Promoci\u00f3n y visibilidad en el proyecto VisitBarcelonaLGTBIQ+<\/span>[\/vc_column_text][\/vc_column][\/vc_row][vc_row css_animation=\u00bb\u00bb row_type=\u00bbrow\u00bb use_row_as_full_screen_section=\u00bbno\u00bb type=\u00bbgrid\u00bb angled_section=\u00bbno\u00bb text_align=\u00bbcenter\u00bb background_image_as_pattern=\u00bbwithout_pattern\u00bb z_index=\u00bb\u00bb css=\u00bb.vc_custom_1646313034442{margin-bottom: 50px !important;padding-top: 50px !important;}\u00bb el_class=\u00bbcenter-justified\u00bb][vc_column width=\u00bb1\/5&#8243;][vc_single_image image=\u00bb137&#8243; img_size=\u00bbfull\u00bb alignment=\u00bbcenter\u00bb qode_css_animation=\u00bb\u00bb][vc_column_text]<span style=\"font-weight: 400;\">Condiciones ventajosas para participar en el Pride! BCN<\/span>[\/vc_column_text][\/vc_column][vc_column width=\u00bb1\/5&#8243;][vc_single_image image=\u00bb138&#8243; img_size=\u00bbfull\u00bb alignment=\u00bbcenter\u00bb qode_css_animation=\u00bb\u00bb][vc_column_text]<span style=\"font-weight: 400;\">Espacios de trabajo compartidos en nuestra sede (coworking)<\/span>[\/vc_column_text][\/vc_column][vc_column width=\u00bb1\/5&#8243;][vc_single_image image=\u00bb145&#8243; img_size=\u00bbfull\u00bb alignment=\u00bbcenter\u00bb qode_css_animation=\u00bb\u00bb][vc_column_text]<span style=\"font-weight: 400;\">Representaci\u00f3n y consulta ante la administraci\u00f3n<\/span>[\/vc_column_text][\/vc_column][vc_column width=\u00bb1\/5&#8243;][vc_single_image image=\u00bb142&#8243; img_size=\u00bbfull\u00bb alignment=\u00bbcenter\u00bb qode_css_animation=\u00bb\u00bb][vc_column_text]<span style=\"font-weight: 400;\">Visibilidad en los espacios de la asociaci\u00f3n<\/span>[\/vc_column_text][\/vc_column][vc_column width=\u00bb1\/5&#8243;][vc_single_image image=\u00bb140&#8243; img_size=\u00bbfull\u00bb alignment=\u00bbcenter\u00bb qode_css_animation=\u00bb\u00bb][vc_column_text]<span style=\"font-weight: 400;\">Participaci\u00f3n en eventos de networking y formaci\u00f3n<\/span>[\/vc_column_text][\/vc_column][\/vc_row][vc_row css_animation=\u00bb\u00bb row_type=\u00bbrow\u00bb use_row_as_full_screen_section=\u00bbno\u00bb type=\u00bbfull_width\u00bb angled_section=\u00bbno\u00bb text_align=\u00bbleft\u00bb background_image_as_pattern=\u00bbwithout_pattern\u00bb css=\u00bb.vc_custom_1646313504427{padding-bottom: 40px !important;}\u00bb z_index=\u00bb\u00bb][vc_column width=\u00bb1\/6&#8243;][\/vc_column][vc_column width=\u00bb2\/3&#8243;][vc_separator type=\u00bbnormal\u00bb][\/vc_column][vc_column width=\u00bb1\/6&#8243;][\/vc_column][\/vc_row][vc_row css_animation=\u00bb\u00bb row_type=\u00bbrow\u00bb use_row_as_full_screen_section=\u00bbno\u00bb type=\u00bbfull_width\u00bb angled_section=\u00bbno\u00bb text_align=\u00bbcenter\u00bb background_image_as_pattern=\u00bbwithout_pattern\u00bb z_index=\u00bb\u00bb css=\u00bb.vc_custom_1646313535619{margin-bottom: 50px !important;}\u00bb][vc_column width=\u00bb1\/6&#8243;][\/vc_column][vc_column width=\u00bb2\/3&#8243;][vc_column_text]<span style=\"font-weight: 400;\">Los asociados no profesionales, <strong>tambi\u00e9n pueden usar los servicios de la Cambra LGTBIQ+<\/strong> y a dem\u00e1s gozan de las siguientes ventajas:<\/span><\/p>\n<p>&nbsp;<\/p>\n<ul>\n<li style=\"font-weight: 400;\" aria-level=\"1\"><span style=\"font-weight: 400;\">Acceso gratuito y preferente a los eventos del Think Plus.<\/span><\/li>\n<li style=\"font-weight: 400;\" aria-level=\"1\"><span style=\"font-weight: 400;\">Acceso gratuito y preferente a la formaci\u00f3n impartida por la Cambra LGTBIQ+ y colaboradores.<\/span><\/li>\n<li style=\"font-weight: 400;\" aria-level=\"1\"><span style=\"font-weight: 400;\">Invitaci\u00f3n al acto inaugural del Pride! BCN hasta completar aforo.<\/span><\/li>\n<li style=\"font-weight: 400;\" aria-level=\"1\"><span style=\"font-weight: 400;\">Descuentos especiales en el merchandising y barras de Pride! BCN.<\/span><\/li>\n<li style=\"font-weight: 400;\" aria-level=\"1\"><span style=\"font-weight: 400;\">Acceso al uso de espacios de trabajo y salas de formaci\u00f3n en la sede de la Cambra LGTBIQ+.<\/span><\/li>\n<li style=\"font-weight: 400;\" aria-level=\"1\"><span style=\"font-weight: 400;\">Descuentos exclusivos en establecimientos miembros y partners.<\/span><\/li>\n<\/ul>\n<p>[\/vc_column_text][\/vc_column][vc_column width=\u00bb1\/6&#8243;][\/vc_column][\/vc_row]<\/p>\n","protected":false},"excerpt":{"rendered":"<p>[vc_row css_animation=\u00bb\u00bb row_type=\u00bbrow\u00bb use_row_as_full_screen_section=\u00bbno\u00bb type=\u00bbgrid\u00bb angled_section=\u00bbno\u00bb text_align=\u00bbcenter\u00bb background_image_as_pattern=\u00bbwithout_pattern\u00bb z_index=\u00bb\u00bb css=\u00bb.vc_custom_1644931301752{padding-top: 250px !important;padding-bottom: 250px !important;background-image: url(http:\/\/www.cambralgtbiq.org\/wp-content\/uploads\/2022\/02\/fondoobjetivos.jpg?id=126) !important;}\u00bb el_class=\u00bbcenter-justified\u00bb][vc_column width=\u00bb1\/6&#8243;][\/vc_column][vc_column width=\u00bb2\/3&#8243;][vc_column_text] Servicios [\/vc_column_text][vc_separator type=\u00bbsmall\u00bb position=\u00bbcenter\u00bb color=\u00bb#ffffff\u00bb thickness=\u00bb2px\u00bb up=\u00bb30&#8243;][vc_column_text]La Cambra LGTBIQ+ dispone de una cartera de servicios orientada a las necesidades de sus miembros, algunos de los servicios&#8230;<\/p>\n","protected":false},"author":2,"featured_media":0,"parent":0,"menu_order":0,"comment_status":"closed","ping_status":"closed","template":"full_width.php","meta":{"om_disable_all_campaigns":false},"aioseo_notices":[],"_links":{"self":[{"href":"https:\/\/www.cambralgtbiq.org\/es\/wp-json\/wp\/v2\/pages\/131"}],"collection":[{"href":"https:\/\/www.cambralgtbiq.org\/es\/wp-json\/wp\/v2\/pages"}],"about":[{"href":"https:\/\/www.cambralgtbiq.org\/es\/wp-json\/wp\/v2\/types\/page"}],"author":[{"embeddable":true,"href":"https:\/\/www.cambralgtbiq.org\/es\/wp-json\/wp\/v2\/users\/2"}],"replies":[{"embeddable":true,"href":"https:\/\/www.cambralgtbiq.org\/es\/wp-json\/wp\/v2\/comments?post=131"}],"version-history":[{"count":18,"href":"https:\/\/www.cambralgtbiq.org\/es\/wp-json\/wp\/v2\/pages\/131\/revisions"}],"predecessor-version":[{"id":2008,"href":"https:\/\/www.cambralgtbiq.org\/es\/wp-json\/wp\/v2\/pages\/131\/revisions\/2008"}],"wp:attachment":[{"href":"https:\/\/www.cambralgtbiq.org\/es\/wp-json\/wp\/v2\/media?parent=131"}],"curies":[{"name":"wp","href":"https:\/\/api.w.org\/{rel}","templated":true}]}}