{"id":162,"date":"2022-03-07T12:07:53","date_gmt":"2022-03-07T12:07:53","guid":{"rendered":"http:\/\/www.cambralgtbiq.org\/?page_id=162"},"modified":"2023-03-29T13:38:27","modified_gmt":"2023-03-29T13:38:27","slug":"proyectos","status":"publish","type":"page","link":"https:\/\/www.cambralgtbiq.org\/es\/proyectos\/","title":{"rendered":"Proyectos"},"content":{"rendered":"<p>[vc_row css_animation=\u00bb\u00bb row_type=\u00bbrow\u00bb use_row_as_full_screen_section=\u00bbno\u00bb type=\u00bbgrid\u00bb angled_section=\u00bbno\u00bb text_align=\u00bbcenter\u00bb background_image_as_pattern=\u00bbwithout_pattern\u00bb z_index=\u00bb\u00bb css=\u00bb.vc_custom_1644931301752{padding-top: 250px !important;padding-bottom: 250px !important;background-image: url(http:\/\/www.cambralgtbiq.org\/wp-content\/uploads\/2022\/02\/fondoobjetivos.jpg?id=126) !important;}\u00bb el_class=\u00bbcenter-justified\u00bb][vc_column width=\u00bb1\/6&#8243;][\/vc_column][vc_column width=\u00bb2\/3&#8243;][vc_column_text]<\/p>\n<h3 style=\"color: #fff; text-align: center;\"><b>Proyectos<\/b><\/h3>\n<p>[\/vc_column_text][vc_separator type=\u00bbsmall\u00bb position=\u00bbcenter\u00bb color=\u00bb#ffffff\u00bb thickness=\u00bb2px\u00bb up=\u00bb30&#8243;][vc_column_text]<span style=\"font-weight: 400; color: white;\">Los proyectos destacados de la Cambra LGTBIQ+<\/span>[\/vc_column_text][\/vc_column][vc_column width=\u00bb1\/6&#8243;][\/vc_column][\/vc_row][vc_row css_animation=\u00bb\u00bb row_type=\u00bbrow\u00bb use_row_as_full_screen_section=\u00bbno\u00bb type=\u00bbgrid\u00bb angled_section=\u00bbno\u00bb text_align=\u00bbcenter\u00bb background_image_as_pattern=\u00bbwithout_pattern\u00bb z_index=\u00bb\u00bb css=\u00bb.vc_custom_1646654853444{padding-top: 50px !important;}\u00bb el_class=\u00bbcenter-justified\u00bb][vc_column width=\u00bb1\/3&#8243;][vc_single_image image=\u00bb168&#8243; img_size=\u00bbfull\u00bb alignment=\u00bbcenter\u00bb qode_css_animation=\u00bb\u00bb][vc_column_text]<b>Pride! BCN : <\/b><span style=\"font-weight: 400;\">\u00a0Organizamos, por mandato de las entidades sociales, el <\/span><b>Orgullo LGTBI de la ciudad<\/b><span style=\"font-weight: 400;\"> de Barcelona, que en su \u00faltima edici\u00f3n atrajo a m\u00e1s de 450.000 personas. <\/span>[\/vc_column_text][\/vc_column][vc_column width=\u00bb1\/3&#8243;][vc_single_image image=\u00bb169&#8243; img_size=\u00bbfull\u00bb alignment=\u00bbcenter\u00bb qode_css_animation=\u00bb\u00bb][vc_column_text]<span style=\"font-weight: 400;\">Impulsamos la <\/span><b>Xarxa de Comer\u00e7 Divers <\/b><span style=\"font-weight: 400;\">como espacio de dinamizaci\u00f3n del comercio vinculado a la comunidad y el \u00e1mbito territorial del Gaixample.<\/span>[\/vc_column_text][\/vc_column][vc_column width=\u00bb1\/3&#8243;][vc_single_image image=\u00bb171&#8243; img_size=\u00bbfull\u00bb alignment=\u00bbcenter\u00bb qode_css_animation=\u00bb\u00bb][vc_column_text]<span style=\"font-weight: 400;\">Promocionamos Barcelona como destino comprometido con la diversidad a trav\u00e9s del proyecto <\/span><b>VisitBarcelonaLGBTIQ+<\/b><span style=\"font-weight: 400;\">, la edici\u00f3n del Mapa LGTBIQ+ oficial de la ciudad y la presencia internacional en ferias y eventos.<\/span>[\/vc_column_text][\/vc_column][\/vc_row][vc_row css_animation=\u00bb\u00bb row_type=\u00bbrow\u00bb use_row_as_full_screen_section=\u00bbno\u00bb type=\u00bbgrid\u00bb angled_section=\u00bbno\u00bb text_align=\u00bbcenter\u00bb background_image_as_pattern=\u00bbwithout_pattern\u00bb z_index=\u00bb\u00bb css=\u00bb.vc_custom_1646313034442{margin-bottom: 50px !important;padding-top: 50px !important;}\u00bb el_class=\u00bbcenter-justified\u00bb][vc_column width=\u00bb1\/3&#8243;][vc_single_image image=\u00bb170&#8243; img_size=\u00bbfull\u00bb alignment=\u00bbcenter\u00bb qode_css_animation=\u00bb\u00bb][vc_column_text]<b>Think Plus:\u00a0 <\/b><span style=\"font-weight: 400;\">El Think Tank de la Cambra, <\/span><b>evento de ocio y encuentro<\/b><span style=\"font-weight: 400;\">,\u00a0 un espacio de reflexi\u00f3n y apoyo enfocado al conocimiento y la <\/span><b>generaci\u00f3n de networking<\/b><span style=\"font-weight: 400;\"> entre empresas, emprendedores y profesionales vinculados a la diversidad LGTBIQ+.<\/span>[\/vc_column_text][\/vc_column][vc_column width=\u00bb1\/3&#8243;][vc_single_image image=\u00bb172&#8243; img_size=\u00bbfull\u00bb alignment=\u00bbcenter\u00bb qode_css_animation=\u00bb\u00bb][vc_column_text]<span style=\"font-weight: 400;\">Programa de prescripci\u00f3n de <\/span><b>Buenas Pr\u00e1cticas en la gesti\u00f3n de la diversidad LGTBIQ+<\/b><span style=\"font-weight: 400;\"> en la empresa.<\/span>[\/vc_column_text][\/vc_column][vc_column width=\u00bb1\/3&#8243;][vc_single_image image=\u00bb173&#8243; img_size=\u00bbfull\u00bb alignment=\u00bbcenter\u00bb qode_css_animation=\u00bb\u00bb][vc_column_text]<b>Compromiso Social: <\/b><span style=\"font-weight: 400;\">Apoyamos el trabajo de las asociaciones que trabajan para la comunidad LGTBIQ+.<\/span>[\/vc_column_text][\/vc_column][\/vc_row]<\/p>\n","protected":false},"excerpt":{"rendered":"<p>[vc_row css_animation=\u00bb\u00bb row_type=\u00bbrow\u00bb use_row_as_full_screen_section=\u00bbno\u00bb type=\u00bbgrid\u00bb angled_section=\u00bbno\u00bb text_align=\u00bbcenter\u00bb background_image_as_pattern=\u00bbwithout_pattern\u00bb z_index=\u00bb\u00bb css=\u00bb.vc_custom_1644931301752{padding-top: 250px !important;padding-bottom: 250px !important;background-image: url(http:\/\/www.cambralgtbiq.org\/wp-content\/uploads\/2022\/02\/fondoobjetivos.jpg?id=126) !important;}\u00bb el_class=\u00bbcenter-justified\u00bb][vc_column width=\u00bb1\/6&#8243;][\/vc_column][vc_column width=\u00bb2\/3&#8243;][vc_column_text] Proyectos [\/vc_column_text][vc_separator type=\u00bbsmall\u00bb position=\u00bbcenter\u00bb color=\u00bb#ffffff\u00bb thickness=\u00bb2px\u00bb up=\u00bb30&#8243;][vc_column_text]Los proyectos destacados de la Cambra LGTBIQ+[\/vc_column_text][\/vc_column][vc_column width=\u00bb1\/6&#8243;][\/vc_column][\/vc_row][vc_row css_animation=\u00bb\u00bb row_type=\u00bbrow\u00bb use_row_as_full_screen_section=\u00bbno\u00bb type=\u00bbgrid\u00bb angled_section=\u00bbno\u00bb text_align=\u00bbcenter\u00bb background_image_as_pattern=\u00bbwithout_pattern\u00bb z_index=\u00bb\u00bb css=\u00bb.vc_custom_1646654853444{padding-top: 50px !important;}\u00bb el_class=\u00bbcenter-justified\u00bb][vc_column&#8230;<\/p>\n","protected":false},"author":2,"featured_media":0,"parent":0,"menu_order":0,"comment_status":"closed","ping_status":"closed","template":"full_width.php","meta":{"om_disable_all_campaigns":false},"aioseo_notices":[],"_links":{"self":[{"href":"https:\/\/www.cambralgtbiq.org\/es\/wp-json\/wp\/v2\/pages\/162"}],"collection":[{"href":"https:\/\/www.cambralgtbiq.org\/es\/wp-json\/wp\/v2\/pages"}],"about":[{"href":"https:\/\/www.cambralgtbiq.org\/es\/wp-json\/wp\/v2\/types\/page"}],"author":[{"embeddable":true,"href":"https:\/\/www.cambralgtbiq.org\/es\/wp-json\/wp\/v2\/users\/2"}],"replies":[{"embeddable":true,"href":"https:\/\/www.cambralgtbiq.org\/es\/wp-json\/wp\/v2\/comments?post=162"}],"version-history":[{"count":10,"href":"https:\/\/www.cambralgtbiq.org\/es\/wp-json\/wp\/v2\/pages\/162\/revisions"}],"predecessor-version":[{"id":2009,"href":"https:\/\/www.cambralgtbiq.org\/es\/wp-json\/wp\/v2\/pages\/162\/revisions\/2009"}],"wp:attachment":[{"href":"https:\/\/www.cambralgtbiq.org\/es\/wp-json\/wp\/v2\/media?parent=162"}],"curies":[{"name":"wp","href":"https:\/\/api.w.org\/{rel}","templated":true}]}}