{"id":177,"date":"2022-03-07T12:12:05","date_gmt":"2022-03-07T12:12:05","guid":{"rendered":"http:\/\/www.cambralgtbiq.org\/?page_id=177"},"modified":"2025-11-26T12:08:09","modified_gmt":"2025-11-26T12:08:09","slug":"think-thank","status":"publish","type":"page","link":"https:\/\/www.cambralgtbiq.org\/es\/think-thank\/","title":{"rendered":"Think Thank"},"content":{"rendered":"<p>[vc_row css_animation=\u00bb\u00bb row_type=\u00bbrow\u00bb use_row_as_full_screen_section=\u00bbno\u00bb type=\u00bbgrid\u00bb angled_section=\u00bbno\u00bb text_align=\u00bbcenter\u00bb background_image_as_pattern=\u00bbwithout_pattern\u00bb z_index=\u00bb\u00bb css=\u00bb.vc_custom_1646655262290{padding-top: 150px !important;padding-bottom: 200px !important;background-image: url(http:\/\/www.cambralgtbiq.org\/wp-content\/uploads\/2022\/02\/fondoobjetivos.jpg?id=126) !important;}\u00bb el_class=\u00bbcenter-justified\u00bb][vc_column width=\u00bb1\/6&#8243;][\/vc_column][vc_column width=\u00bb2\/3&#8243;][vc_single_image image=\u00bb179&#8243; img_size=\u00bb300&#215;300&#8243; alignment=\u00bbcenter\u00bb qode_css_animation=\u00bb\u00bb][vc_column_text]<span style=\"font-weight: 400; color: white;\">ThinkPlus es el Think Tank de la Cambra LGTBIQ+, un espacio de reflexi\u00f3n y apoyo sobre el mundo empresarial y la emprendedur\u00eda en nuestro pa\u00eds.<\/span><\/p>\n<p><span style=\"font-weight: 400; color: white;\">Impulsor de negocios, iniciativas\u00a0 y proyectos LGTBIQ+.<\/span><\/p>\n<p><span style=\"font-weight: 400; color: white;\">Es tambi\u00e9n un aula de formaci\u00f3n continua, para apoyar nuevas iniciativas de emprendedur\u00eda con el mentoring y un espacio de Networking.<\/span>[\/vc_column_text][\/vc_column][vc_column width=\u00bb1\/6&#8243;][\/vc_column][\/vc_row][vc_row css_animation=\u00bb\u00bb row_type=\u00bbrow\u00bb use_row_as_full_screen_section=\u00bbno\u00bb type=\u00bbfull_width\u00bb angled_section=\u00bbno\u00bb text_align=\u00bbcenter\u00bb background_image_as_pattern=\u00bbwithout_pattern\u00bb z_index=\u00bb\u00bb css=\u00bb.vc_custom_1646655838549{padding-top: 100px !important;}\u00bb][vc_column width=\u00bb1\/4&#8243;][vc_single_image image=\u00bb2718&#8243; img_size=\u00bbfull\u00bb qode_css_animation=\u00bb\u00bb][\/vc_column][vc_column width=\u00bb1\/4&#8243;][vc_single_image image=\u00bb2722&#8243; img_size=\u00bbfull\u00bb qode_css_animation=\u00bb\u00bb][\/vc_column][vc_column width=\u00bb1\/4&#8243;][vc_single_image image=\u00bb2725&#8243; img_size=\u00bbfull\u00bb qode_css_animation=\u00bb\u00bb][\/vc_column][vc_column width=\u00bb1\/4&#8243;][vc_single_image image=\u00bb2728&#8243; img_size=\u00bbfull\u00bb qode_css_animation=\u00bb\u00bb][\/vc_column][\/vc_row][vc_row css_animation=\u00bb\u00bb row_type=\u00bbrow\u00bb use_row_as_full_screen_section=\u00bbno\u00bb type=\u00bbfull_width\u00bb angled_section=\u00bbno\u00bb text_align=\u00bbcenter\u00bb background_image_as_pattern=\u00bbwithout_pattern\u00bb z_index=\u00bb\u00bb css=\u00bb.vc_custom_1646655838549{padding-top: 100px !important;}\u00bb][vc_column width=\u00bb1\/4&#8243;][\/vc_column][vc_column width=\u00bb1\/2&#8243;][vc_column_text]<\/p>\n<h3 style=\"text-align: center;\" data-start=\"65\" data-end=\"156\"><span style=\"text-decoration: underline;\"><strong data-start=\"65\" data-end=\"90\">Marketing con Orgullo<\/strong><\/span><br data-start=\"90\" data-end=\"93\" \/><strong data-start=\"93\" data-end=\"154\">Inteligencia Artificial al servicio del colectivo LGBTIQ+<\/strong><\/h3>\n<p style=\"text-align: left;\" data-start=\"158\" data-end=\"417\">La inteligencia artificial est\u00e1 transformando la comunicaci\u00f3n y el marketing, pero tambi\u00e9n puede amplificar sesgos y estereotipos, especialmente hacia el colectivo LGTBIQ+. Por eso, es clave incorporar una mirada inclusiva y \u00e9tica al usar estas tecnolog\u00edas.<\/p>\n<p style=\"text-align: left;\" data-start=\"419\" data-end=\"678\">Apostar por la IA responsable no es solo una cuesti\u00f3n de valores: es innovaci\u00f3n, reputaci\u00f3n e impacto real. Las empresas que integran la diversidad en sus estrategias logran campa\u00f1as m\u00e1s creativas, mejores resultados y atraen talento diverso y comprometido.<\/p>\n<p style=\"text-align: left;\" data-start=\"680\" data-end=\"744\">Con este Think Plus, te ofrecemos una inmersi\u00f3n pr\u00e1ctica para:<\/p>\n<ul>\n<li style=\"text-align: left;\" data-start=\"748\" data-end=\"813\">Detectar y prevenir sesgos en procesos y herramientas digitales<\/li>\n<li style=\"text-align: left;\" data-start=\"816\" data-end=\"880\">Crear campa\u00f1as inclusivas que conecten con audiencias diversas<\/li>\n<li style=\"text-align: left;\" data-start=\"883\" data-end=\"962\">Potenciar el impacto del marketing con lenguaje y segmentaciones responsables<\/li>\n<li style=\"text-align: left;\" data-start=\"965\" data-end=\"1031\">Generar sinergias con empresas, startups y profesionales LGTBIQ+<\/li>\n<\/ul>\n<p style=\"text-align: left;\" data-start=\"1033\" data-end=\"1219\">Esta edici\u00f3n estrena formato: un <strong data-start=\"1066\" data-end=\"1092\">workshop de 90 minutos<\/strong>, participativo y orientado a la acci\u00f3n, liderado por <strong data-start=\"1146\" data-end=\"1155\">KAUAI<\/strong>, especialistas en marketing digitaln inteligencia artificial e innovaci\u00f3n responsable.<\/p>\n<p style=\"text-align: left;\" data-start=\"1221\" data-end=\"1315\">Una oportunidad para alinear tecnolog\u00eda, impacto social y liderazgo empresarial con orgullo.<\/p>\n<p style=\"text-align: left;\" data-start=\"1317\" data-end=\"1620\">Despu\u00e9s del workshop, te invitamos a disfrutar de un <strong data-start=\"1370\" data-end=\"1395\">espacio de networking<\/strong> pensado para conectar en un ambiente relajado y cercano. Un punto de encuentro ideal para compartir ideas, crear sinergias y conversar con profesionales, startups y empresas comprometidas con la innovaci\u00f3n y la diversidad.<\/p>\n<p style=\"text-align: left;\" data-start=\"1622\" data-end=\"1799\">La velada contar\u00e1 con la <strong data-start=\"1647\" data-end=\"1688\">ambientaci\u00f3n musical de Mala Freixura<\/strong>, que aportar\u00e1 el ritmo y la energ\u00eda perfecta para cerrar la sesi\u00f3n con buen ambiente, creatividad y orgullo.<\/p>\n<p style=\"text-align: left;\" data-start=\"1801\" data-end=\"1898\">Una ocasi\u00f3n \u00fanica para ampliar tu red e inspirarte con personas que comparten valores y visi\u00f3n.<\/p>\n<p style=\"text-align: left;\" data-start=\"1900\" data-end=\"2062\"><strong data-start=\"1900\" data-end=\"1916\">Inscripci\u00f3n:<\/strong> Para acceder al evento, es necesario <strong data-start=\"1954\" data-end=\"1981\">inscribirse previamente<\/strong>. La inscripci\u00f3n es gratuita y se puede realizar a trav\u00e9s del siguiente enlace:<\/p>\n<div class=\"group\/conversation-turn relative flex w-full min-w-0 flex-col agent-turn\">\n<div class=\"flex-col gap-1 md:gap-3\">\n<div class=\"flex flex-grow flex-col max-w-full\">\n<div class=\"min-h-[20px] text-message flex flex-col items-start whitespace-pre-wrap break-words [.text-message+&amp;]:mt-5 juice:w-full juice:items-end overflow-x-auto gap-2\" dir=\"auto\" data-message-author-role=\"assistant\" data-message-id=\"061fea3c-340a-4e1c-8ea6-2d993cd0b99f\">\n<div class=\"flex w-full flex-col gap-1 juice:empty:hidden juice:first:pt-[3px]\">\n<div class=\"markdown prose w-full break-words dark:prose-invert light\">\n<h2 dir=\"ltr\" style=\"text-align: left;\"><strong><a href=\"https:\/\/www.eventbrite.com\/e\/1974978761641?aff=oddtdtcreator\" target=\"_blank\" rel=\"noopener\">AP\u00daNTATE AL THINK PLUS<\/a><\/strong><\/h2>\n<p>&nbsp;<\/p>\n<p style=\"text-align: left;\">\u00a1Te esperamos!<\/p>\n<\/div>\n<\/div>\n<\/div>\n<\/div>\n<\/div>\n<\/div>\n<p>[\/vc_column_text][\/vc_column][vc_column width=\u00bb1\/4&#8243;][\/vc_column][\/vc_row][vc_row css_animation=\u00bb\u00bb row_type=\u00bbrow\u00bb use_row_as_full_screen_section=\u00bbno\u00bb type=\u00bbfull_width\u00bb angled_section=\u00bbno\u00bb text_align=\u00bbcenter\u00bb background_image_as_pattern=\u00bbwithout_pattern\u00bb z_index=\u00bb\u00bb css=\u00bb.vc_custom_1646655838549{padding-top: 100px !important;}\u00bb][vc_column width=\u00bb1\/6&#8243;][\/vc_column][vc_column width=\u00bb2\/3&#8243;][vc_column_text]<\/p>\n<h3 style=\"color: #05ce7c;\"><b>Nuestros objetivos<\/b><\/h3>\n<p>[\/vc_column_text][\/vc_column][vc_column width=\u00bb1\/6&#8243;][\/vc_column][\/vc_row][vc_row css_animation=\u00bb\u00bb row_type=\u00bbrow\u00bb use_row_as_full_screen_section=\u00bbno\u00bb type=\u00bbgrid\u00bb angled_section=\u00bbno\u00bb text_align=\u00bbcenter\u00bb background_image_as_pattern=\u00bbwithout_pattern\u00bb z_index=\u00bb\u00bb css=\u00bb.vc_custom_1646656179196{padding-top: 50px !important;}\u00bb el_class=\u00bbcenter-justified\u00bb][vc_column width=\u00bb1\/6&#8243;][vc_single_image image=\u00bb187&#8243; img_size=\u00bb120&#215;120&#8243; alignment=\u00bbcenter\u00bb qode_css_animation=\u00bb\u00bb][vc_column_text]<span style=\"font-weight: 400;\">Inspirar y ayudar a nuevas generaciones.<\/span>[\/vc_column_text][\/vc_column][vc_column width=\u00bb1\/6&#8243;][vc_single_image image=\u00bb188&#8243; img_size=\u00bb120&#215;120&#8243; alignment=\u00bbcenter\u00bb qode_css_animation=\u00bb\u00bb][vc_column_text]<span style=\"font-weight: 400;\">Aportar valor a la comunidad.<\/span>[\/vc_column_text][\/vc_column][vc_column width=\u00bb1\/6&#8243;][vc_single_image image=\u00bb189&#8243; img_size=\u00bb120&#215;120&#8243; alignment=\u00bbcenter\u00bb qode_css_animation=\u00bb\u00bb][vc_column_text]<span style=\"font-weight: 400;\">Crear marca asociada a la emprendedur\u00eda, el conocimiento y la investigaci\u00f3n.<\/span>[\/vc_column_text][\/vc_column][vc_column width=\u00bb1\/6&#8243;][vc_single_image image=\u00bb190&#8243; img_size=\u00bb120&#215;120&#8243; alignment=\u00bbcenter\u00bb qode_css_animation=\u00bb\u00bb][vc_column_text]<span style=\"font-weight: 400;\">Atraer talento \/ asociados y empresas.<\/span>[\/vc_column_text][\/vc_column][vc_column width=\u00bb1\/6&#8243;][vc_single_image image=\u00bb191&#8243; img_size=\u00bb120&#215;120&#8243; alignment=\u00bbcenter\u00bb qode_css_animation=\u00bb\u00bb][vc_column_text]<span style=\"font-weight: 400;\">Generar un espacio de relaci\u00f3n, networking y transferencia de conocimiento entorno a la comunidad profesional LGTBIQ+.<\/span>[\/vc_column_text][\/vc_column][vc_column width=\u00bb1\/6&#8243;][vc_single_image image=\u00bb192&#8243; img_size=\u00bb120&#215;120&#8243; alignment=\u00bbcenter\u00bb qode_css_animation=\u00bb\u00bb][vc_column_text]<span style=\"font-weight: 400;\">Posicionar Barcelona como Capital Europea de emprendedur\u00eda LGTBIQ+<\/span>[\/vc_column_text][\/vc_column][\/vc_row][vc_row css_animation=\u00bb\u00bb row_type=\u00bbrow\u00bb use_row_as_full_screen_section=\u00bbno\u00bb type=\u00bbfull_width\u00bb angled_section=\u00bbno\u00bb text_align=\u00bbcenter\u00bb background_image_as_pattern=\u00bbwithout_pattern\u00bb z_index=\u00bb\u00bb css=\u00bb.vc_custom_1646655838549{padding-top: 100px !important;}\u00bb][vc_column width=\u00bb1\/4&#8243;][\/vc_column][vc_column width=\u00bb1\/2&#8243;][vc_column_text]<\/p>\n<h3 style=\"color: #05ce7c;\"><b>Nuestros formatos<\/b><\/h3>\n<p>[\/vc_column_text][vc_column_text css=\u00bb.vc_custom_1646656556488{padding-top: 50px !important;}\u00bb]<span style=\"font-weight: 400;\">El Think Plus es nuestro punto de partida desde donde surgen diferentes formatos asociados a diferentes aspectos del mundo empresarial y profesional como son las conferencias, la formaci\u00f3n, el mentoring, el networking y el acompa\u00f1amiento.<\/span>[\/vc_column_text][\/vc_column][vc_column width=\u00bb1\/4&#8243;][\/vc_column][\/vc_row][vc_row css_animation=\u00bb\u00bb row_type=\u00bbrow\u00bb use_row_as_full_screen_section=\u00bbno\u00bb type=\u00bbgrid\u00bb angled_section=\u00bbno\u00bb text_align=\u00bbcenter\u00bb background_image_as_pattern=\u00bbwithout_pattern\u00bb z_index=\u00bb\u00bb css=\u00bb.vc_custom_1646656179196{padding-top: 50px !important;}\u00bb el_class=\u00bbcenter-justified\u00bb][vc_column width=\u00bb1\/4&#8243;][vc_single_image image=\u00bb196&#8243; img_size=\u00bbfull\u00bb alignment=\u00bbcenter\u00bb qode_css_animation=\u00bb\u00bb][\/vc_column][vc_column width=\u00bb1\/4&#8243;][vc_single_image image=\u00bb197&#8243; img_size=\u00bbfull\u00bb alignment=\u00bbcenter\u00bb qode_css_animation=\u00bb\u00bb][\/vc_column][vc_column width=\u00bb1\/4&#8243;][vc_single_image image=\u00bb194&#8243; img_size=\u00bbfull\u00bb alignment=\u00bbcenter\u00bb qode_css_animation=\u00bb\u00bb][\/vc_column][vc_column width=\u00bb1\/4&#8243;][vc_single_image image=\u00bb195&#8243; img_size=\u00bbfull\u00bb alignment=\u00bbcenter\u00bb qode_css_animation=\u00bb\u00bb][\/vc_column][\/vc_row]<\/p>\n","protected":false},"excerpt":{"rendered":"<p>[vc_row css_animation=\u00bb\u00bb row_type=\u00bbrow\u00bb use_row_as_full_screen_section=\u00bbno\u00bb type=\u00bbgrid\u00bb angled_section=\u00bbno\u00bb text_align=\u00bbcenter\u00bb background_image_as_pattern=\u00bbwithout_pattern\u00bb z_index=\u00bb\u00bb css=\u00bb.vc_custom_1646655262290{padding-top: 150px !important;padding-bottom: 200px !important;background-image: url(http:\/\/www.cambralgtbiq.org\/wp-content\/uploads\/2022\/02\/fondoobjetivos.jpg?id=126) !important;}\u00bb el_class=\u00bbcenter-justified\u00bb][vc_column width=\u00bb1\/6&#8243;][\/vc_column][vc_column width=\u00bb2\/3&#8243;][vc_single_image image=\u00bb179&#8243; img_size=\u00bb300&#215;300&#8243; alignment=\u00bbcenter\u00bb qode_css_animation=\u00bb\u00bb][vc_column_text]ThinkPlus es el Think Tank de la Cambra LGTBIQ+, un espacio de reflexi\u00f3n y apoyo sobre el mundo empresarial y la emprendedur\u00eda en&#8230;<\/p>\n","protected":false},"author":2,"featured_media":0,"parent":0,"menu_order":0,"comment_status":"closed","ping_status":"closed","template":"full_width.php","meta":{"om_disable_all_campaigns":false},"aioseo_notices":[],"_links":{"self":[{"href":"https:\/\/www.cambralgtbiq.org\/es\/wp-json\/wp\/v2\/pages\/177"}],"collection":[{"href":"https:\/\/www.cambralgtbiq.org\/es\/wp-json\/wp\/v2\/pages"}],"about":[{"href":"https:\/\/www.cambralgtbiq.org\/es\/wp-json\/wp\/v2\/types\/page"}],"author":[{"embeddable":true,"href":"https:\/\/www.cambralgtbiq.org\/es\/wp-json\/wp\/v2\/users\/2"}],"replies":[{"embeddable":true,"href":"https:\/\/www.cambralgtbiq.org\/es\/wp-json\/wp\/v2\/comments?post=177"}],"version-history":[{"count":55,"href":"https:\/\/www.cambralgtbiq.org\/es\/wp-json\/wp\/v2\/pages\/177\/revisions"}],"predecessor-version":[{"id":2732,"href":"https:\/\/www.cambralgtbiq.org\/es\/wp-json\/wp\/v2\/pages\/177\/revisions\/2732"}],"wp:attachment":[{"href":"https:\/\/www.cambralgtbiq.org\/es\/wp-json\/wp\/v2\/media?parent=177"}],"curies":[{"name":"wp","href":"https:\/\/api.w.org\/{rel}","templated":true}]}}