{"id":1901,"date":"2023-03-20T14:28:33","date_gmt":"2023-03-20T14:28:33","guid":{"rendered":"https:\/\/www.cambralgtbiq.org\/?page_id=1901"},"modified":"2023-03-20T14:28:33","modified_gmt":"2023-03-20T14:28:33","slug":"aviso-legal","status":"publish","type":"page","link":"https:\/\/www.cambralgtbiq.org\/es\/aviso-legal\/","title":{"rendered":"Aviso Legal"},"content":{"rendered":"<p>[vc_row css_animation=\u00bb\u00bb row_type=\u00bbrow\u00bb use_row_as_full_screen_section=\u00bbno\u00bb type=\u00bbfull_width\u00bb angled_section=\u00bbno\u00bb text_align=\u00bbleft\u00bb background_image_as_pattern=\u00bbwithout_pattern\u00bb][vc_column][vc_column_text]<span style=\"font-weight: 400;\">El presente portal Web y todo su contenido, incluidos los servicios prestados, pertenece a la Cambra LGTBIQ+ (Associaci\u00f3 Catalana d\u2019empreses per a Gais i Lesbianes \u2013 Asociaci\u00f3 Cambra LGTBIQ+ de Catalunya), provista de CIF G64717812 y domicilio social en C\/ Casanova,72, 08011, BARCELONA. Inscrita en la Oficina P\u00fablica de Dip\u00f2sits d\u2019Estatuts del Departament d\u2019Empresa i Ocupaci\u00f3 de la Generalitat de Catalunya amb n\u00famero 07\/79\/28, y email de contacto\u00a0hola@cambralgtbiq.org<\/span><\/p>\n<p><span style=\"font-weight: 400;\">\u00a0<\/span><\/p>\n<p><b>1.- OBJETO<\/b><\/p>\n<p><span style=\"font-weight: 400;\">\u00a0<\/span><\/p>\n<p><span style=\"font-weight: 400;\">La CAMBRA LGTBIQ+\u00a0( ASSOCIACI\u00d3 CATAaLANA D\u2019EMPRESES PER A GAIS I LESBIANES- ASSOCIACI\u00d3 CAMBRA LGTBIQ+ DE CATALUNYA) en adelante tambi\u00e9n el prestador) c\u00f3mo responsable del sitio web, pone a disposici\u00f3n de los usuarios el presente documento, que regula el uso del sitio web www.puntroma.com, con el que pretendemos dar cumplimiento a las obligaciones que dispone la Ley 34\/2002, de Servicios de la Sociedad de la Informaci\u00f3n y del Comercio Electr\u00f3nico (LSSICE\u00a0o\u00a0LSSI), as\u00ed como informar a todos los usuarios del sitio web respecto de cu\u00e1les son las condiciones de uso del sitio web.<\/span><\/p>\n<p><span style=\"font-weight: 400;\">A trav\u00e9s de la Web, LA CAMBRA LGTBIQ+ (ASSOCIACI\u00d3 CATALANA D\u2019EMPRESES PER A GAIS I LESBIANES)\u00a0facilita a los usuarios el acceso y utilizaci\u00f3n de diferentes servicios y contenidos puestos a disposici\u00f3n a trav\u00e9s de las Webs, incluidas la corporativa y la Web de PRIDE BCN.<\/span><\/p>\n<p><span style=\"font-weight: 400;\">Toda persona que acceda a esta web asume el papel de usuario (en adelante el usuario), e implica la aceptaci\u00f3n total y sin reservas de todas y cada una de las disposiciones incluidas en este aviso legal, as\u00ed como a cualesquiera otras disposiciones legales que fueran de aplicaci\u00f3n.<\/span><\/p>\n<p><span style=\"font-weight: 400;\">Como usuarios, tienen que leer atentamente este Aviso Legal en cualquier de las ocasiones que entren a la web, pues \u00e9sta puede sufrir modificaciones ya que el prestador se reserva el derecho a modificar cualquier tipo de informaci\u00f3n que pudiera aparecer en la web, sin que exista la obligaci\u00f3n de\u00a0pre-avisar\u00a0o poner en conocimiento de los usuarios estas obligaciones, siendo suficientes la publicaci\u00f3n en el sitio web del prestador.<\/span><\/p>\n<p><span style=\"font-weight: 400;\">\u00a0<\/span><\/p>\n<ol start=\"2\">\n<li><b> CONDICIONES DE ACCESO Y USO DE LA WEB.<\/b><\/li>\n<\/ol>\n<p><span style=\"font-weight: 400;\">\u00a0<\/span><\/p>\n<p><b>\u00a0 \u00a02.1. Car\u00e1cter gratuito del acceso y uso de la web.<\/b><\/p>\n<p><span style=\"font-weight: 400;\">\u00a0<\/span><\/p>\n<p><span style=\"font-weight: 400;\">La prestaci\u00f3n de los servicios por parte de la CAMBRA LGTBIQ+ (ASSOCIACI\u00d3 CATALANA D\u2019EMPRESES PER A GAIS I LESBIANES)\u00a0tiene car\u00e1cter gratuito para todos los Usuarios. No obstante, algunos de los servicios suministrados por el prestador a trav\u00e9s de la Web est\u00e1n sujetas al pago de un precio determinado a las condicionas generales de contrataci\u00f3n. Deber\u00e1 consultar dichas condiciones en las condiciones de compra aplicables en cada momento.<\/span><\/p>\n<p><span style=\"font-weight: 400;\">\u00a0<\/span><\/p>\n<p><b>\u00a0 \u00a02.2. Registro de Usuario.<\/b><\/p>\n<p><span style=\"font-weight: 400;\">\u00a0<\/span><\/p>\n<p><span style=\"font-weight: 400;\">Con car\u00e1cter general la prestaci\u00f3n de los Servicios no exige la previa suscripci\u00f3n o registro de los Usuarios. Aun as\u00ed, LA CAMBRA LGTBIQ+ (ASSOCIACI\u00d3 CATALANA D\u2019EMPRESES PER A GAIS I LESBIANES) condiciona el uso de algunos de los servicios a la previa\u00a0complementaci\u00f3n\u00a0del correspondiente registro de Usuario. Este registro se efectuar\u00e1 en la forma expresamente indicada en la propia secci\u00f3n del servicio.<\/span><\/p>\n<p><b>\u00a0 \u00a02.3. Veracidad de la informaci\u00f3n.<\/b><\/p>\n<p><span style=\"font-weight: 400;\">\u00a0<\/span><\/p>\n<p><span style=\"font-weight: 400;\">Toda la informaci\u00f3n que facilita el Usuario tiene que ser veraz. A estos efectos, el Usuario garantiza la autenticidad de los datos comunicados a trav\u00e9s de los formularios para la suscripci\u00f3n de los Servicios. Ser\u00e1 responsabilidad del Usuario mantener toda la informaci\u00f3n facilitada a LA CAMBRA LGTBIQ+ (ASSOCIACI\u00d3 CATALANA D\u2019EMPRESES PER A GAIS I LESBIANES) permanentemente actualizada de forma que responda, en cada momento, a su situaci\u00f3n real. En todo caso, el Usuario ser\u00e1 el \u00fanico responsable de las manifestaciones falsas o inexactas que realice y de los perjuicios que cause al prestador o a terceros.<\/span><\/p>\n<p><span style=\"font-weight: 400;\">\u00a0<\/span><\/p>\n<p><b>\u00a0 \u00a02.4. Menores de edad.<\/b><\/p>\n<p><span style=\"font-weight: 400;\">\u00a0<\/span><\/p>\n<p><span style=\"font-weight: 400;\">Para el uso de los servicios, los menores de edad tienen que obtener siempre previamente el consentimiento de los padres, tutores o representantes legales, responsables \u00faltimos de todos los actos realizados por los menores a su cargo. La responsabilidad en la determinaci\u00f3n de contenidos concretos a los cuales acceden los menores corresponde a aquellos, es por eso que si acceden a contenidos no apropiados por Internet, se tendr\u00e1n que establecer en sus ordenadores mecanismos, en particular programas inform\u00e1ticos, filtros y bloqueos, que permitan limitar los contenidos disponibles y, a pesar de que no sean\u00a0infalibles, son de especial utilidad para controlar y restringir los materiales a los que pueden acceder los menores.<\/span><\/p>\n<p><span style=\"font-weight: 400;\">\u00a0<\/span><\/p>\n<p><b>\u00a0 \u00a02.5. Obligaci\u00f3n de hacer un uso correcto de la Web.<\/b><\/p>\n<p><span style=\"font-weight: 400;\">\u00a0<\/span><\/p>\n<p><span style=\"font-weight: 400;\">El Usuario se compromete a utilizar la Web de conformidad a la Ley y al presente Aviso Legal, as\u00ed como a la moral y a buenas costumbres. A tal efecto, el Usuario se abstendr\u00e1 de utilizar la p\u00e1gina con finalidades\u00a0il\u00edcitas\u00a0o prohibidas, lesivas de derechos e intereses de terceros, o que de cualquier forma puedan da\u00f1ar, inutilizar, sobrecargar, deteriorar o impedir la normal utilizaci\u00f3n de equipos inform\u00e1ticos o documentos, archivos y toda clase de contenidos almacenados en cualquier equipo inform\u00e1tico del prestador.<\/span><\/p>\n<p><span style=\"font-weight: 400;\">En particular, y a t\u00edtulo indicativo, pero no exhaustivo, el Usuario se compromete a no transmitir, difundir o poner a disposici\u00f3n de terceros informaciones, datos, contenidos, mensajes, gr\u00e1ficos, dibujos, archivos de sonido o imagen, fotograf\u00edas, grabaciones,\u00a0software\u00a0y, en general, cualquier clase de material que:<\/span><\/p>\n<p><b>(a)<\/b><span style=\"font-weight: 400;\">\u00a0sea contraria, desprecie o atente contra los derechos fundamentales y las libertades p\u00fablicas reconocidas constitucionalmente, en tratados internacionales y otras normas vigentes;<\/span><\/p>\n<p><b>(b)<\/b><span style=\"font-weight: 400;\">\u00a0induzca, incite o promueva actuaciones delictivas,\u00a0denigrantes, difamatorias, violentas o, en general, contrarias a la ley, a la moral y al orden p\u00fablico;<\/span><\/p>\n<p><b>(c)<\/b><span style=\"font-weight: 400;\">\u00a0induzca, incite o promueva actuaciones, actitudes o pensamientos discriminatorios por raz\u00f3n de sexo, raza, religi\u00f3n, creencias, edad o condici\u00f3n;<\/span><\/p>\n<p><b>(d)<\/b><span style=\"font-weight: 400;\">\u00a0sea contrario al derecho al honor, a la intimidad personal o familiar o a la propia imagen de las personas;<\/span><\/p>\n<p><b>(e)<\/b><span style=\"font-weight: 400;\">\u00a0de cualquier manera perjudique la credibilidad del prestador o de terceros; y<\/span><\/p>\n<p><b>(f)<\/b><span style=\"font-weight: 400;\">\u00a0constituya publicidad\u00a0il\u00edcita, enga\u00f1osa o desleal.<\/span><\/p>\n<p><span style=\"font-weight: 400;\">\u00a0<\/span><\/p>\n<p><b>3.- EXCLUSI\u00d3N DE GARANT\u00cdAS Y RESPONSABILIDAD<\/b><\/p>\n<p><span style=\"font-weight: 400;\">\u00a0<\/span><\/p>\n<p><span style=\"font-weight: 400;\">El prestador se exime de cualquier tipo de responsabilidad derivada de la informaci\u00f3n publicada en nuestro sitio web, siempre que esta informaci\u00f3n haya sido manipulada o introducida por un tercero ajeno.<\/span><\/p>\n<p><span style=\"font-weight: 400;\">Esta web ha sido revisada y probada para que funcione correctamente. En principio, se puede garantizar el correcto funcionamiento los 365 d\u00edas del a\u00f1o, 24 horas al d\u00eda. Sin embargo, el prestador no descarta la posibilidad que existan determinados errores de programaci\u00f3n, o que sucedan causas de fuerza mayor, cat\u00e1strofes naturales, huelgas, o circunstancias parecidas que hagan imposible el acceso a la p\u00e1gina web.<\/span><\/p>\n<p><span style=\"font-weight: 400;\">LA CAMBRA LGTBIQ+ (ASSOCIACI\u00d3 CATALANA D\u2019EMPRESES PER A GAIS I LESBIANES)\u00a0no otorga ninguna garant\u00eda ni se hace responsable, en ning\u00fan caso, de los da\u00f1os y perjuicios de cualquier naturaleza que puedan salir a colaci\u00f3n\u00a0de la falta de disponibilidad, mantenimiento y efectivo funcionamiento de la web o de sus servicios y contenidos; de la existencia de virus, programas maliciosos o lesivos en los contenidos; del uso\u00a0il\u00edcito, negligente, fraudulento o contrario a este Aviso Legal y condiciones de uso; o de La falta de licitud, calidad, fiabilidad, utilidad y disponibilidad de los servicios prestados por terceros y ademanes a disposici\u00f3n de los usuarios en el sitio web.<\/span><\/p>\n<p><span style=\"font-weight: 400;\">El prestador no se hace responsable bajo ning\u00fan concepto de los da\u00f1os que puedan\u00a0dimanar\u00a0del uso\u00a0ilegal\u00a0o indebido de la presente p\u00e1gina web.<\/span><\/p>\n<p><span style=\"font-weight: 400;\">\u00a0<\/span><\/p>\n<p><b>4.- COOKIES<\/b><\/p>\n<p><span style=\"font-weight: 400;\">\u00a0<\/span><\/p>\n<p><span style=\"font-weight: 400;\">El sitio web del prestador puede utilizar\u00a0cookies (peque\u00f1os archivos de informaci\u00f3n que el servidor env\u00eda al ordenador de quien accede en la p\u00e1gina) para llevar a cabo determinadas funciones que son consideradas imprescindibles para el correcto funcionamiento y visualizaci\u00f3n del lugar. Las\u00a0cookies\u00a0utilizadas tienen, en todo caso, car\u00e1cter temporal, con la \u00fanica finalidad de hacer m\u00e1s eficaz la navegaci\u00f3n, y desaparecen al acabar\u00a0la sesi\u00f3n\u00a0del usuario.<\/span><\/p>\n<p><span style=\"font-weight: 400;\">En ning\u00fan caso se utilizar\u00e1n las\u00a0cookies\u00a0para recoger informaci\u00f3n de car\u00e1cter personal.<\/span><\/p>\n<p><span style=\"font-weight: 400;\">Para m\u00e1s informaci\u00f3n, ver nuestra\u00a0<\/span><a href=\"https:\/\/www.acegal.org\/es\/politica-de-cookies\/\"><span style=\"font-weight: 400;\">Pol\u00edtica de\u00a0Cookies<\/span><\/a><span style=\"font-weight: 400;\">.<\/span><\/p>\n<p><span style=\"font-weight: 400;\">\u00a0<\/span><\/p>\n<p><b>5.- ENLACES (LINKS)<\/b><\/p>\n<p><span style=\"font-weight: 400;\">\u00a0<\/span><\/p>\n<p><span style=\"font-weight: 400;\">Desde el sitio web es posible que se redirija a contenidos de terceras webs. Dado que desde el web no podemos controlar siempre los contenidos introducidos por los terceros, LA CAMBRA LGTBIQ+ (ASSOCIACI\u00d3 CATALANA D\u2019EMPRESES PER A GAIS I LESBIANES)\u00a0no asume ning\u00fan tipo de responsabilidad respecto a estos contenidos. En todo caso, el prestador manifiesta que proceder\u00e1 a la retirada inmediata de cualquier contenido que pudiera contravenir la legislaci\u00f3n nacional o internacional, la moral o el orden p\u00fablico, procediendo a la retirada inmediata de la re-direcci\u00f3n a estas webs, poniendo en conocimiento de las autoridades competentes el contenido en cuesti\u00f3n.<\/span><\/p>\n<p><span style=\"font-weight: 400;\">El prestador no se responsabiliza de la informaci\u00f3n y contenidos almacenados, a t\u00edtulo enunciativo pero no limitante, en foros, chats, generadores de blogs, comentarios, redes sociales o cualquiera otro medio que permita a terceros publicar contenidos de forma independiente a la p\u00e1gina web del prestador. Sin embargo y en cumplimiento de lo que dispone el art. 11 y 16 de la\u00a0LSSICE, el prestador se pone a disposici\u00f3n de todos los usuarios, autoridades y fuerzas de seguridad, y colaborando de forma activa en la retirada o, cuando sea necesario, el bloqueo de todos aquellos contenidos que puedan afectar o contravenir la legislaci\u00f3n nacional, o internacional, derechos de terceros o la moral y el orden p\u00fablico. En caso de que el usuario considere que puede existir alg\u00fan contenido que pudiera ser susceptible de esta clasificaci\u00f3n, se ruega lo notifique de forma inmediata al administrador del sitio web.<\/span><\/p>\n<p><span style=\"font-weight: 400;\">\u00a0<\/span><\/p>\n<p><b>6.- PROTECCI\u00d3N DE DATOS PERSONALES<\/b><\/p>\n<p><span style=\"font-weight: 400;\">\u00a0<\/span><\/p>\n<p><span style=\"font-weight: 400;\">El prestador est\u00e1 profundamente comprometido con el cumplimiento de la normativa de protecci\u00f3n de datos personales y garantiza el cumplimiento \u00edntegro de las obligaciones dispuestas, as\u00ed como la implementaci\u00f3n de las medidas de seguridad dispuestas al Reglamento Europeo de Protecci\u00f3n de datos y la normativa espa\u00f1ola de protecci\u00f3n de datos. Para m\u00e1s informaci\u00f3n, ver nuestra\u00a0<\/span><a href=\"https:\/\/www.acegal.org\/es\/politica-de-privacidad\/\"><span style=\"font-weight: 400;\">Pol\u00edtica de\u00a0Privacidad<\/span><\/a><span style=\"font-weight: 400;\">.<\/span><\/p>\n<p><span style=\"font-weight: 400;\">\u00a0<\/span><\/p>\n<ol start=\"7\">\n<li><b> PROPIEDAD INTELECTUAL E INDUSTRIAL<\/b><\/li>\n<\/ol>\n<p><span style=\"font-weight: 400;\">\u00a0<\/span><\/p>\n<p><span style=\"font-weight: 400;\">El sitio web, incluyendo a t\u00edtulo enunciativo pero no limitativo la programaci\u00f3n, edici\u00f3n, compilaci\u00f3n y otros elementos necesarios para su funcionamiento, los dise\u00f1os, logotipos, textos, fotograf\u00edas y\/o gr\u00e1ficos son propiedad del prestador o, en caso de que fuera necesario, dispone de la licencia o autorizaci\u00f3n expresa por parte de los autores. Todos los contenidos del sitio web se encuentran debidamente protegidos por la normativa de propiedad\u00a0intelectual\u00a0e industrial.<\/span><\/p>\n<p><span style=\"font-weight: 400;\">Independientemente de la finalidad por la que fueran destinados, la reproducci\u00f3n total o parcial, uso, distribuci\u00f3n y comunicaci\u00f3n p\u00fablica requieren de la autorizaci\u00f3n escrita previa por parte del prestador. Cualquier uso no autorizado previamente por parte del prestador ser\u00e1 considerado un incumplimiento grave de los derechos de propiedad\u00a0intelectual\u00a0o industrial del autor.<\/span><\/p>\n<p><span style=\"font-weight: 400;\">Los dise\u00f1os, logotipos, textos y\/o gr\u00e1ficos ajenos al prestador y que puedan aparecer en el sitio web, pertenecen a sus respectivos propietarios, siendo ellos mismos los responsables de cualquier posible controversia que pudiera acontecer respecto a los mismos. En todo caso, el prestador cuenta con la autorizaci\u00f3n expresa y previa por parte de los mismos.<\/span><\/p>\n<p><span style=\"font-weight: 400;\">El prestador reconoce a favor de sus titulares los correspondientes derechos de propiedad industrial e\u00a0intelectual, no implicando la menci\u00f3n o aparici\u00f3n en el sitio web, de la existencia de derechos o ninguna responsabilidad del prestador sobre los mismos, como tampoco respaldo, patrocinio o recomendaci\u00f3n por parte del mismo.<\/span><\/p>\n<p><span style=\"font-weight: 400;\">Para realizar cualquier tipo de observaci\u00f3n respecto a posibles incumplimientos de los derechos de propiedad\u00a0intelectual\u00a0o industrial, as\u00ed\u00a0como\u00a0sobre cualquiera de los contenidos del sitio web, puede hacerlo a trav\u00e9s del correo electr\u00f3nico arriba rese\u00f1ado.<\/span><\/p>\n<p><span style=\"font-weight: 400;\">\u00a0<\/span><\/p>\n<p><b>8.- LEY APLICABLE Y JURISDICCI\u00d3N<\/b><\/p>\n<p><span style=\"font-weight: 400;\">\u00a0<\/span><\/p>\n<p><span style=\"font-weight: 400;\">Para la resoluci\u00f3n de las controversias o cuestiones relacionadas con la presente p\u00e1gina web o de las actividades en esta desarrolladas, ser\u00e1 de aplicaci\u00f3n la legislaci\u00f3n espa\u00f1ola, a la que se someten expresamente las partes, siendo competentes por la resoluci\u00f3n de todos los conflictos derivados o relacionados con su uso los Juzgados y Tribunales de Barcelona.<\/span><\/p>\n<p>[\/vc_column_text][\/vc_column][\/vc_row]<\/p>\n","protected":false},"excerpt":{"rendered":"<p>[vc_row css_animation=\u00bb\u00bb row_type=\u00bbrow\u00bb use_row_as_full_screen_section=\u00bbno\u00bb type=\u00bbfull_width\u00bb angled_section=\u00bbno\u00bb text_align=\u00bbleft\u00bb background_image_as_pattern=\u00bbwithout_pattern\u00bb][vc_column][vc_column_text]El presente portal Web y todo su contenido, incluidos los servicios prestados, pertenece a la Cambra LGTBIQ+ (Associaci\u00f3 Catalana d\u2019empreses per a Gais i Lesbianes \u2013 Asociaci\u00f3 Cambra LGTBIQ+ de Catalunya), provista de CIF G64717812 y domicilio social&#8230;<\/p>\n","protected":false},"author":2,"featured_media":0,"parent":0,"menu_order":0,"comment_status":"closed","ping_status":"closed","template":"","meta":{"om_disable_all_campaigns":false},"aioseo_notices":[],"_links":{"self":[{"href":"https:\/\/www.cambralgtbiq.org\/es\/wp-json\/wp\/v2\/pages\/1901"}],"collection":[{"href":"https:\/\/www.cambralgtbiq.org\/es\/wp-json\/wp\/v2\/pages"}],"about":[{"href":"https:\/\/www.cambralgtbiq.org\/es\/wp-json\/wp\/v2\/types\/page"}],"author":[{"embeddable":true,"href":"https:\/\/www.cambralgtbiq.org\/es\/wp-json\/wp\/v2\/users\/2"}],"replies":[{"embeddable":true,"href":"https:\/\/www.cambralgtbiq.org\/es\/wp-json\/wp\/v2\/comments?post=1901"}],"version-history":[{"count":1,"href":"https:\/\/www.cambralgtbiq.org\/es\/wp-json\/wp\/v2\/pages\/1901\/revisions"}],"predecessor-version":[{"id":1902,"href":"https:\/\/www.cambralgtbiq.org\/es\/wp-json\/wp\/v2\/pages\/1901\/revisions\/1902"}],"wp:attachment":[{"href":"https:\/\/www.cambralgtbiq.org\/es\/wp-json\/wp\/v2\/media?parent=1901"}],"curies":[{"name":"wp","href":"https:\/\/api.w.org\/{rel}","templated":true}]}}