{"id":205,"date":"2022-03-07T12:59:46","date_gmt":"2022-03-07T12:59:46","guid":{"rendered":"http:\/\/www.cambralgtbiq.org\/?page_id=205"},"modified":"2026-01-15T15:15:47","modified_gmt":"2026-01-15T15:15:47","slug":"asociate","status":"publish","type":"page","link":"https:\/\/www.cambralgtbiq.org\/es\/asociate\/","title":{"rendered":"As\u00f3ciate"},"content":{"rendered":"<p>[vc_row css_animation=\u00bb\u00bb row_type=\u00bbrow\u00bb use_row_as_full_screen_section=\u00bbno\u00bb type=\u00bbgrid\u00bb angled_section=\u00bbno\u00bb text_align=\u00bbcenter\u00bb background_image_as_pattern=\u00bbwithout_pattern\u00bb z_index=\u00bb\u00bb css=\u00bb.vc_custom_1646664880771{padding-top: 250px !important;padding-bottom: 250px !important;background-image: url(http:\/\/www.cambralgtbiq.org\/wp-content\/uploads\/2022\/02\/fondoobjetivos.jpg?id=126) !important;}\u00bb el_class=\u00bbcenter-justified\u00bb][vc_column width=\u00bb1\/6&#8243;][\/vc_column][vc_column width=\u00bb2\/3&#8243;][vc_column_text]<\/p>\n<h3><span style=\"color: #ffffff;\">As\u00f3ciate<\/span><\/h3>\n<p>[\/vc_column_text][vc_separator type=\u00bbsmall\u00bb position=\u00bbcenter\u00bb color=\u00bb#ffffff\u00bb thickness=\u00bb2px\u00bb up=\u00bb30&#8243;][vc_column_text]<\/p>\n<p style=\"color: white;\">\u00bfQui\u00e9n puede ser miembro?<\/p>\n<p>[\/vc_column_text][\/vc_column][vc_column width=\u00bb1\/6&#8243;][\/vc_column][\/vc_row][vc_row css_animation=\u00bb\u00bb row_type=\u00bbrow\u00bb use_row_as_full_screen_section=\u00bbno\u00bb type=\u00bbgrid\u00bb angled_section=\u00bbno\u00bb text_align=\u00bbcenter\u00bb background_image_as_pattern=\u00bbwithout_pattern\u00bb z_index=\u00bb\u00bb css=\u00bb.vc_custom_1646656179196{padding-top: 50px !important;}\u00bb el_class=\u00bbcenter-justified\u00bb][vc_column width=\u00bb1\/2&#8243;][vc_single_image image=\u00bb219&#8243; img_size=\u00bb140&#215;140&#8243; alignment=\u00bbcenter\u00bb qode_css_animation=\u00bb\u00bb][vc_column_text css=\u00bb.vc_custom_1680098515942{padding-top: 20px !important;padding-bottom: 20px !important;}\u00bb]<\/p>\n<h4><b>Miembros profesionales:<\/b><\/h4>\n<p>[\/vc_column_text][vc_column_text]<span style=\"font-weight: 400;\">Profesionales aut\u00f3nomos y empresas, p\u00fablicas o privadas, con sede o delegaci\u00f3n en Catalunya y que ofrezcan servicios o productos a la comunidad LGTBIQ+ o tengan inter\u00e9s o vinculaci\u00f3n a la diversidad.<\/span>[\/vc_column_text][\/vc_column][vc_column width=\u00bb1\/2&#8243;][vc_single_image image=\u00bb218&#8243; img_size=\u00bb140&#215;140&#8243; alignment=\u00bbcenter\u00bb qode_css_animation=\u00bb\u00bb][vc_column_text css=\u00bb.vc_custom_1680098523428{padding-top: 20px !important;padding-bottom: 20px !important;}\u00bb]<\/p>\n<h4><b>Miembros no profesionales:<\/b><\/h4>\n<p>[\/vc_column_text][vc_column_text]<span style=\"font-weight: 400;\">Personas f\u00edsicas mayores de edad que residan en Catalunya y tengan inter\u00e9s en las actividades y proyectos de la entidad.<\/span>[\/vc_column_text][\/vc_column][\/vc_row][vc_row css_animation=\u00bb\u00bb row_type=\u00bbrow\u00bb use_row_as_full_screen_section=\u00bbno\u00bb type=\u00bbfull_width\u00bb angled_section=\u00bbno\u00bb text_align=\u00bbleft\u00bb background_image_as_pattern=\u00bbwithout_pattern\u00bb][vc_column][vc_empty_space height=\u00bb64px\u00bb][\/vc_column][\/vc_row][vc_row css_animation=\u00bb\u00bb row_type=\u00bbrow\u00bb use_row_as_full_screen_section=\u00bbno\u00bb type=\u00bbfull_width\u00bb angled_section=\u00bbno\u00bb text_align=\u00bbleft\u00bb background_image_as_pattern=\u00bbwithout_pattern\u00bb][vc_column][vc_single_image image=\u00bb140&#8243; img_size=\u00bb140&#215;140&#8243; alignment=\u00bbcenter\u00bb qode_css_animation=\u00bb\u00bb][vc_column_text css=\u00bb.vc_custom_1680097663076{padding-top: 20px !important;padding-bottom: 20px !important;}\u00bb]<\/p>\n<h4 style=\"text-align: center;\">Los principales beneficios de ser Cambra LGTBIQ+<\/h4>\n<p>[\/vc_column_text][vc_column_text]<\/p>\n<ul style=\"text-align: center;\">\n<li>Asesoramiento jur\u00eddico, fiscal y urban\u00edstico GRATUITO.<\/li>\n<li>Servicio de informaci\u00f3n y gesti\u00f3n de subvenciones y ayudas p\u00fablicas.<\/li>\n<li>Cesi\u00f3n gratuita de espacios de coworking.<\/li>\n<li>Representaci\u00f3n, consulta y acompa\u00f1amiento ante la administraci\u00f3n.<\/li>\n<li>Participaci\u00f3n con condiciones ventajosas en las actividades organizadas por la Cambra LGTBIQ+ (Pride! BCN, Muestras de Comercio&#8230;).<\/li>\n<li>Visibilidad en los espacios digitales de la asociaci\u00f3n.<\/li>\n<li>Presencia en la Gu\u00eda Oficial Visit Barcelona LGBTIQ+Consulta el resto de beneficios en el apartado <a href=\"http:\/\/www.cambralgtbiq.org\/es\/servicios\/\"><strong>servicios<\/strong><\/a>!<\/li>\n<\/ul>\n<p>[\/vc_column_text][\/vc_column][\/vc_row][vc_row css_animation=\u00bb\u00bb row_type=\u00bbrow\u00bb use_row_as_full_screen_section=\u00bbno\u00bb type=\u00bbfull_width\u00bb angled_section=\u00bbno\u00bb text_align=\u00bbleft\u00bb background_image_as_pattern=\u00bbwithout_pattern\u00bb][vc_column][vc_empty_space][\/vc_column][\/vc_row][vc_row css_animation=\u00bb\u00bb row_type=\u00bbrow\u00bb use_row_as_full_screen_section=\u00bbno\u00bb type=\u00bbgrid\u00bb angled_section=\u00bbno\u00bb text_align=\u00bbcenter\u00bb background_image_as_pattern=\u00bbwithout_pattern\u00bb z_index=\u00bb\u00bb css=\u00bb.vc_custom_1646656179196{padding-top: 50px !important;}\u00bb el_class=\u00bbcenter-justified\u00bb][vc_column width=\u00bb1\/2&#8243;][vc_single_image image=\u00bb217&#8243; img_size=\u00bb140&#215;140&#8243; alignment=\u00bbcenter\u00bb qode_css_animation=\u00bb\u00bb][vc_column_text css=\u00bb.vc_custom_1646658017506{padding-top: 20px !important;padding-bottom: 20px !important;}\u00bb]<\/p>\n<h4><b>\u00bfCu\u00e1nto cuesta ser socio?<\/b><\/h4>\n<p>[\/vc_column_text][vc_column_text]<\/p>\n<p data-start=\"0\" data-end=\"107\">Para el mantenimiento de la Asociaci\u00f3n, los socios deben abonar las cuotas mensuales, seg\u00fan la tipolog\u00eda:<\/p>\n<ul>\n<li data-start=\"109\" data-end=\"527\">Aut\u00f3nomo\/a menor de 30 a\u00f1os: 9,92 \u20ac al mes o 119,00 \u20ac al a\u00f1o.<\/li>\n<li data-start=\"109\" data-end=\"527\">Aut\u00f3nomo\/a mayor de 30 a\u00f1os: 14,92 \u20ac al mes o 179,00 \u20ac al a\u00f1o.<\/li>\n<li data-start=\"109\" data-end=\"527\">PYME hasta 8 trabajadores\/as: 24,92 \u20ac al mes o 299,00 \u20ac al a\u00f1o.<\/li>\n<li data-start=\"109\" data-end=\"527\">PYME entre 9 y 49 trabajadores\/as: 34,92 \u20ac al mes o 419,00 \u20ac al a\u00f1o.<\/li>\n<li data-start=\"109\" data-end=\"527\">PYME entre 50 y 100 trabajadores\/as: 99,92 \u20ac al mes o 1.199,00 \u20ac al a\u00f1o.<\/li>\n<li data-start=\"109\" data-end=\"527\">Empresa de m\u00e1s de 100 trabajadores\/as: 166,58 \u20ac al mes o 1.999,00 \u20ac al a\u00f1o.<\/li>\n<\/ul>\n<p data-start=\"529\" data-end=\"619\" data-is-last-node=\"\" data-is-only-node=\"\"><strong data-start=\"529\" data-end=\"552\">Promoci\u00f3n especial:<\/strong> Todos los nuevos socios disfrutan de 3 meses de adhesi\u00f3n gratuita.<\/p>\n<p>[\/vc_column_text][\/vc_column][vc_column width=\u00bb1\/2&#8243;][vc_single_image image=\u00bb137&#8243; img_size=\u00bb140&#215;140&#8243; alignment=\u00bbcenter\u00bb qode_css_animation=\u00bb\u00bb][vc_column_text css=\u00bb.vc_custom_1646658025208{padding-top: 20px !important;padding-bottom: 20px !important;}\u00bb]<\/p>\n<h4><b>\u00bfQu\u00e9 implica ser socio?<\/b><\/h4>\n<p>[\/vc_column_text][vc_column_text]<span style=\"font-weight: 400;\">Los miembros deben:<\/span><\/p>\n<ul>\n<li style=\"font-weight: 400;\" aria-level=\"1\"><span style=\"font-weight: 400;\">Cumplir con los deberes recogidos en los Estatutos de la asociaci\u00f3n.<\/span><\/li>\n<li style=\"font-weight: 400;\" aria-level=\"1\"><span style=\"font-weight: 400;\">Satisfacer las cuotas fijadas por la Asamblea General.<\/span><\/li>\n<li style=\"font-weight: 400;\" aria-level=\"1\"><span style=\"font-weight: 400;\">Cumplir el compromiso de buenas pr\u00e1cticas<\/span><\/li>\n<\/ul>\n<p>[\/vc_column_text][\/vc_column][\/vc_row][vc_row css_animation=\u00bb\u00bb row_type=\u00bbrow\u00bb use_row_as_full_screen_section=\u00bbno\u00bb type=\u00bbfull_width\u00bb angled_section=\u00bbno\u00bb text_align=\u00bbcenter\u00bb background_image_as_pattern=\u00bbwithout_pattern\u00bb z_index=\u00bb\u00bb css=\u00bb.vc_custom_1646664786797{margin-top: 100px !important;padding-top: 100px !important;padding-bottom: 100px !important;background-color: #05cd7c !important;}\u00bb][vc_column][vc_column_text]<\/p>\n<h4 style=\"color: white; font-size: 24px;\"><b>\u00bfC\u00f3mo me convierto en socio?<\/b><\/h4>\n<p>[\/vc_column_text][vc_column_text]<span style=\"color: white; font-size: 19px;\"><b>Puedes solicitar tu Inscripci\u00f3n en el siguiente formulario:<\/b><\/span>[\/vc_column_text][vc_raw_html css=\u00bb.vc_custom_1650984043255{margin-top: 30px !important;}\u00bb]JTNDaWZyYW1lJTIwaWQlM0QlMjJzb2Npb3NmcmFtZSUyMiUyMHNyYyUzRCUyMmh0dHBzJTNBJTJGJTJGcC5iZXJybHkuY29tJTJGY2FtYnJhbGd0YiUyRnJlZ2lzdHJhdGlvbiUyRjI0MDMlM0ZsYW5nJTNEZXMlMjZpZnJhbWUlM0R0cnVlJTIyJTNFJTNDJTJGaWZyYW1lJTNF[\/vc_raw_html][\/vc_column][\/vc_row]<\/p>\n","protected":false},"excerpt":{"rendered":"<p>[vc_row css_animation=\u00bb\u00bb row_type=\u00bbrow\u00bb use_row_as_full_screen_section=\u00bbno\u00bb type=\u00bbgrid\u00bb angled_section=\u00bbno\u00bb text_align=\u00bbcenter\u00bb background_image_as_pattern=\u00bbwithout_pattern\u00bb z_index=\u00bb\u00bb css=\u00bb.vc_custom_1646664880771{padding-top: 250px !important;padding-bottom: 250px !important;background-image: url(http:\/\/www.cambralgtbiq.org\/wp-content\/uploads\/2022\/02\/fondoobjetivos.jpg?id=126) !important;}\u00bb el_class=\u00bbcenter-justified\u00bb][vc_column width=\u00bb1\/6&#8243;][\/vc_column][vc_column width=\u00bb2\/3&#8243;][vc_column_text] As\u00f3ciate [\/vc_column_text][vc_separator type=\u00bbsmall\u00bb position=\u00bbcenter\u00bb color=\u00bb#ffffff\u00bb thickness=\u00bb2px\u00bb up=\u00bb30&#8243;][vc_column_text] \u00bfQui\u00e9n puede ser miembro? [\/vc_column_text][\/vc_column][vc_column width=\u00bb1\/6&#8243;][\/vc_column][\/vc_row][vc_row css_animation=\u00bb\u00bb row_type=\u00bbrow\u00bb use_row_as_full_screen_section=\u00bbno\u00bb type=\u00bbgrid\u00bb angled_section=\u00bbno\u00bb text_align=\u00bbcenter\u00bb background_image_as_pattern=\u00bbwithout_pattern\u00bb z_index=\u00bb\u00bb css=\u00bb.vc_custom_1646656179196{padding-top: 50px !important;}\u00bb el_class=\u00bbcenter-justified\u00bb][vc_column width=\u00bb1\/2&#8243;][vc_single_image&#8230;<\/p>\n","protected":false},"author":2,"featured_media":0,"parent":0,"menu_order":0,"comment_status":"closed","ping_status":"closed","template":"full_width.php","meta":{"om_disable_all_campaigns":false},"aioseo_notices":[],"_links":{"self":[{"href":"https:\/\/www.cambralgtbiq.org\/es\/wp-json\/wp\/v2\/pages\/205"}],"collection":[{"href":"https:\/\/www.cambralgtbiq.org\/es\/wp-json\/wp\/v2\/pages"}],"about":[{"href":"https:\/\/www.cambralgtbiq.org\/es\/wp-json\/wp\/v2\/types\/page"}],"author":[{"embeddable":true,"href":"https:\/\/www.cambralgtbiq.org\/es\/wp-json\/wp\/v2\/users\/2"}],"replies":[{"embeddable":true,"href":"https:\/\/www.cambralgtbiq.org\/es\/wp-json\/wp\/v2\/comments?post=205"}],"version-history":[{"count":27,"href":"https:\/\/www.cambralgtbiq.org\/es\/wp-json\/wp\/v2\/pages\/205\/revisions"}],"predecessor-version":[{"id":2734,"href":"https:\/\/www.cambralgtbiq.org\/es\/wp-json\/wp\/v2\/pages\/205\/revisions\/2734"}],"wp:attachment":[{"href":"https:\/\/www.cambralgtbiq.org\/es\/wp-json\/wp\/v2\/media?parent=205"}],"curies":[{"name":"wp","href":"https:\/\/api.w.org\/{rel}","templated":true}]}}