{"id":92,"date":"2022-02-02T13:35:39","date_gmt":"2022-02-02T13:35:39","guid":{"rendered":"http:\/\/www.cambralgtbiq.org\/?page_id=92"},"modified":"2026-02-13T14:02:03","modified_gmt":"2026-02-13T14:02:03","slug":"conoce-la-cambra","status":"publish","type":"page","link":"https:\/\/www.cambralgtbiq.org\/es\/conoce-la-cambra\/","title":{"rendered":"Conoce la Cambra"},"content":{"rendered":"<p>[vc_row css_animation=\u00bb\u00bb row_type=\u00bbrow\u00bb use_row_as_full_screen_section=\u00bbno\u00bb type=\u00bbgrid\u00bb angled_section=\u00bbno\u00bb text_align=\u00bbcenter\u00bb background_image_as_pattern=\u00bbwithout_pattern\u00bb z_index=\u00bb\u00bb css=\u00bb.vc_custom_1646663357713{padding-top: 300px !important;padding-bottom: 300px !important;background-image: url(http:\/\/www.cambralgtbiq.org\/wp-content\/uploads\/2022\/02\/fondoobjetivos.jpg?id=126) !important;}\u00bb el_class=\u00bbcenter-justified\u00bb][vc_column width=\u00bb1\/6&#8243;][\/vc_column][vc_column width=\u00bb2\/3&#8243;][vc_column_text]<\/p>\n<h3 style=\"color: #fff; text-align: center;\">Conoce la Cambra<\/h3>\n<p>[\/vc_column_text][\/vc_column][vc_column width=\u00bb1\/6&#8243;][\/vc_column][\/vc_row][vc_row css_animation=\u00bb\u00bb row_type=\u00bbrow\u00bb use_row_as_full_screen_section=\u00bbno\u00bb type=\u00bbgrid\u00bb angled_section=\u00bbno\u00bb text_align=\u00bbleft\u00bb background_image_as_pattern=\u00bbwithout_pattern\u00bb z_index=\u00bb\u00bb css=\u00bb.vc_custom_1644932159726{padding-top: 100px !important;}\u00bb el_class=\u00bbJUSTIFyp\u00bb][vc_column width=\u00bb1\/2&#8243; css=\u00bb.vc_custom_1644924899981{padding-right: 30px !important;padding-left: 30px !important;}\u00bb][vc_column_text]<\/p>\n<h3 style=\"color: #ff6b00;\"><b>Objetivos<\/b><\/h3>\n<p>[\/vc_column_text][vc_separator type=\u00bbsmall\u00bb position=\u00bbleft\u00bb color=\u00bb#ff6b00&#8243; thickness=\u00bb2px\u00bb up=\u00bb30&#8243;][\/vc_column][vc_column width=\u00bb1\/2&#8243; css=\u00bb.vc_custom_1644924892613{padding-right: 30px !important;padding-left: 30px !important;}\u00bb][\/vc_column][\/vc_row][vc_row css_animation=\u00bb\u00bb row_type=\u00bbrow\u00bb use_row_as_full_screen_section=\u00bbno\u00bb type=\u00bbgrid\u00bb angled_section=\u00bbno\u00bb text_align=\u00bbleft\u00bb background_image_as_pattern=\u00bbwithout_pattern\u00bb z_index=\u00bb\u00bb css=\u00bb.vc_custom_1644932150175{margin-bottom: 100px !important;}\u00bb el_class=\u00bbJUSTIFyp\u00bb][vc_column width=\u00bb1\/2&#8243; css=\u00bb.vc_custom_1644924899981{padding-right: 30px !important;padding-left: 30px !important;}\u00bb][vc_column_text]<span style=\"font-weight: 400;\">Impulsamos esta asociaci\u00f3n como espacio de trabajo y punto de encuentro de las empresas y profesionales vinculados a la comunidad LGTBIQ+ en Catalunya con el objetivo de crear proyectos comunes en beneficio de todos y todas.<\/span><\/p>\n<p><span style=\"font-weight: 400;\"><br \/>\nOfrecemos servicios \u00fatiles a nuestros miembros y trabajamos conjuntamente con las administraciones p\u00fablicas para posicionar Barcelona y Catalunya como destinos pro-diversidad.\u00a0<\/span>[\/vc_column_text][\/vc_column][vc_column width=\u00bb1\/2&#8243; css=\u00bb.vc_custom_1644924892613{padding-right: 30px !important;padding-left: 30px !important;}\u00bb][vc_column_text]<span style=\"font-weight: 400;\">Representamos a nuestros miembros ante las administraciones p\u00fablicas e impulsamos sus pol\u00edticas en pro de nuestra comunidad.<\/span><\/p>\n<p>&nbsp;<\/p>\n<p><span style=\"font-weight: 400;\">Organizamos, por mandato de m\u00e1s de 30 asociaciones LGTBIQ+ de Barcelona y el territorio, el Pride! BCN, el Orgullo LGTBIQ+ de la ciudad, un evento sin \u00e1nimo de lucro y de convocatoria masiva que muestra y representa la diversidad y riqueza de la comunidad LGTBIQ+ a la vez que sirve de altavoz de la reivindicaci\u00f3n del movimiento asociativo.<\/span>[\/vc_column_text][\/vc_column][\/vc_row][vc_row css_animation=\u00bb\u00bb row_type=\u00bbrow\u00bb use_row_as_full_screen_section=\u00bbno\u00bb type=\u00bbgrid\u00bb angled_section=\u00bbno\u00bb text_align=\u00bbcenter\u00bb background_image_as_pattern=\u00bbwithout_pattern\u00bb z_index=\u00bb\u00bb css=\u00bb.vc_custom_1647514459110{padding-top: 250px !important;padding-bottom: 250px !important;background-image: url(http:\/\/www.cambralgtbiq.org\/wp-content\/uploads\/2022\/02\/fondoequipo.jpg?id=124) !important;}\u00bb el_class=\u00bbcenter-justified\u00bb anchor=\u00bbequipo\u00bb][vc_column width=\u00bb1\/6&#8243;][\/vc_column][vc_column width=\u00bb2\/3&#8243;][vc_column_text]<\/p>\n<h3 style=\"color: #fff; text-align: center;\"><b>Equipo<\/b><\/h3>\n<p>[\/vc_column_text][vc_separator type=\u00bbsmall\u00bb position=\u00bbcenter\u00bb color=\u00bb#ffffff\u00bb thickness=\u00bb2px\u00bb up=\u00bb30&#8243;][vc_column_text]<span style=\"font-weight: 400; color: white; text-align: center;\">La Junta Directiva est\u00e1 formada por miembros de la entidad que son elegidos por un per\u00edodo de cuatro a\u00f1os y tiene el encargo de gestionar la actividad de la entidad y velar por el cumplimiento de sus principios y objetivos.<br \/>\nSon un grupo de empresarias y emprendedoras del sector LGTBIQ+ con un importante bagaje profesional que ponen a disposici\u00f3n de la entidad sus conocimientos para garantizar el buen funcionamiento y el crecimiento de la misma. El cargo de miembro de la junta directiva es gratuito.<\/span>[\/vc_column_text][\/vc_column][vc_column width=\u00bb1\/6&#8243;][\/vc_column][\/vc_row][vc_row css_animation=\u00bb\u00bb row_type=\u00bbrow\u00bb use_row_as_full_screen_section=\u00bbno\u00bb type=\u00bbgrid\u00bb angled_section=\u00bbno\u00bb text_align=\u00bbleft\u00bb background_image_as_pattern=\u00bbwithout_pattern\u00bb z_index=\u00bb\u00bb css=\u00bb.vc_custom_1644930065444{margin-bottom: 100px !important;padding-top: 100px !important;}\u00bb el_class=\u00bbJUSTIFyp\u00bb][vc_column width=\u00bb1\/2&#8243; css=\u00bb.vc_custom_1644924899981{padding-right: 30px !important;padding-left: 30px !important;}\u00bb][vc_column_text]<span style=\"font-weight: 400;\">Actualmente la Junta Directiva est\u00e1 formada por:<\/span><\/p>\n<p>&nbsp;<\/p>\n<ul>\n<li>Ferran Poca, Presidente<\/li>\n<li>Maria Giralt, Vicepresidenta<\/li>\n<li>Xavi Saula, Secretari<\/li>\n<li>Xavi Estruch, Tesorero<\/li>\n<li>Ferran Camarasa, Vocal<\/li>\n<li>Marco A. Garc\u00eda Nespral, Vocal<\/li>\n<li>Micky Ribera, Vocal<\/li>\n<li>Pau Pujol, Vocal<\/li>\n<li>Samuel Rodr\u00edguez, Vocal<\/li>\n<li>Michelle Relayze,Vocal<\/li>\n<li aria-level=\"1\">Coran Djillali, Vocal<\/li>\n<li><\/li>\n<\/ul>\n<p>[\/vc_column_text][\/vc_column][vc_column width=\u00bb1\/2&#8243; css=\u00bb.vc_custom_1644924892613{padding-right: 30px !important;padding-left: 30px !important;}\u00bb][vc_column_text]<span style=\"font-weight: 400;\">A su vez, la asociaci\u00f3n dispone de un equipo profesional que se encarga de la gesti\u00f3n ejecutiva y del funcionamiento habitual de la entidad, as\u00ed como de la organizaci\u00f3n y direcci\u00f3n de los proyectos eventos de la misma:<\/span><\/p>\n<p>&nbsp;<\/p>\n<ul>\n<li style=\"font-weight: 400;\" aria-level=\"1\"><span style=\"font-weight: 400;\">Dani Morales, Gerente de la Cambra LGTBIQ+ y Pride! BCN.<\/span><\/li>\n<li aria-level=\"1\">H\u00e8ctor Ingl\u00e9s, T\u00e9cnico de\u00a0 proyectos.<\/li>\n<li style=\"font-weight: 400;\" aria-level=\"1\"><span style=\"font-weight: 400;\">Marta Sanmart\u00edn, Dinamizadora \u00e1mbito comercio.<\/span><\/li>\n<li aria-level=\"1\">Andoni Ib\u00e1\u00f1ez, Gestor de proyectos.<\/li>\n<li aria-level=\"1\">Roger Presseguer, T\u00e9cnico de comunicaci\u00f3n.<\/li>\n<\/ul>\n<p>[\/vc_column_text][\/vc_column][\/vc_row][vc_row css_animation=\u00bb\u00bb row_type=\u00bbrow\u00bb use_row_as_full_screen_section=\u00bbno\u00bb type=\u00bbgrid\u00bb angled_section=\u00bbno\u00bb text_align=\u00bbcenter\u00bb background_image_as_pattern=\u00bbwithout_pattern\u00bb z_index=\u00bb\u00bb css=\u00bb.vc_custom_1644930207731{padding-top: 250px !important;padding-bottom: 250px !important;background-image: url(http:\/\/www.cambralgtbiq.org\/wp-content\/uploads\/2022\/02\/fondotransparencia.jpg?id=117) !important;}\u00bb el_class=\u00bbcenter-justified\u00bb][vc_column width=\u00bb1\/6&#8243;][\/vc_column][vc_column width=\u00bb2\/3&#8243;][vc_column_text]<\/p>\n<h3 style=\"color: #fff; text-align: center;\"><b>Transparencia<\/b><\/h3>\n<p>[\/vc_column_text][vc_separator type=\u00bbsmall\u00bb position=\u00bbcenter\u00bb color=\u00bb#ffffff\u00bb thickness=\u00bb2px\u00bb up=\u00bb30&#8243;][vc_column_text]<span style=\"font-weight: 400; color: white; text-align: center;\">En cumplimiento de lo previsto en la Ley 19\/2014 de transparencia, acceso a la informaci\u00f3n p\u00fablica y buen gobierno, la Cambra LGTBIQ+ hace p\u00fablica la informaci\u00f3n de relevancia econ\u00f3mica, organizativa y de contrataci\u00f3n:<\/span>[\/vc_column_text][\/vc_column][vc_column width=\u00bb1\/6&#8243;][\/vc_column][\/vc_row][vc_row css_animation=\u00bb\u00bb row_type=\u00bbrow\u00bb use_row_as_full_screen_section=\u00bbno\u00bb type=\u00bbgrid\u00bb angled_section=\u00bbno\u00bb text_align=\u00bbcenter\u00bb background_image_as_pattern=\u00bbwithout_pattern\u00bb z_index=\u00bb\u00bb css=\u00bb.vc_custom_1644930202497{margin-bottom: 100px !important;padding-top: 100px !important;}\u00bb el_class=\u00bbcenter-justified\u00bb][vc_column width=\u00bb1\/6&#8243;][\/vc_column][vc_column width=\u00bb2\/3&#8243;][vc_column_text]<\/p>\n<h4 style=\"color: #05ce7c;\"><b>Informaci\u00f3n de Contrataci\u00f3n<\/b><\/h4>\n<p>[\/vc_column_text][vc_separator type=\u00bbsmall\u00bb position=\u00bbcenter\u00bb color=\u00bb#05ce7c\u00bb thickness=\u00bb2px\u00bb up=\u00bb30&#8243;][vc_column_text]<span style=\"font-weight: 400;\">La C\u00e1mara LGTBIQ+ como entidad de derecho privado perceptora de subvenciones p\u00fablicas \u00fanicamente est\u00e1 obligada a solicitar tres presupuestos para contratos que superen los 60.00 (IVA excluido). No obstante, la Junta Directiva de la entidad, en ejercicio de transparencia, ha acordado:<\/span><\/p>\n<p>&nbsp;<\/p>\n<ul>\n<li style=\"font-weight: 400;\" aria-level=\"1\"><span style=\"font-weight: 400;\">Contratar mediante procedimiento abierto (concurso) estos servicios o suministros que afecten a empresas miembros de la entidad y que superen los 10.000\u20ac anuales (IVA excluido).<\/span><\/li>\n<li style=\"font-weight: 400;\" aria-level=\"1\"><span style=\"font-weight: 400;\">Solicitar tres presupuestos para aquellos contratos de servicios o suministros que superen los 15.000\u20ac anuales (IVA Excluido) y publicar el detalle de estos contratos en la web de transparencia de la entidad.\u00a0<\/span><\/li>\n<\/ul>\n<p>[\/vc_column_text][\/vc_column][vc_column width=\u00bb1\/6&#8243;][\/vc_column][\/vc_row][vc_row css_animation=\u00bb\u00bb row_type=\u00bbrow\u00bb use_row_as_full_screen_section=\u00bbno\u00bb type=\u00bbgrid\u00bb angled_section=\u00bbno\u00bb text_align=\u00bbleft\u00bb background_image_as_pattern=\u00bbwithout_pattern\u00bb z_index=\u00bb\u00bb css=\u00bb.vc_custom_1644930452584{margin-bottom: 100px !important;}\u00bb][vc_column width=\u00bb1\/2&#8243;][vc_column_text css=\u00bb.vc_custom_1644929526880{margin-bottom: 20px !important;}\u00bb]<\/p>\n<h4 style=\"color: #05ce7c;\"><b>Procedimientos de contrataci\u00f3n abierta (concursos)<\/b><\/h4>\n<p>[\/vc_column_text]<div class=\"qode-accordion-holder clearfix qode-toggle qode-initial \">\n\t<h4 class=\"clearfix qode-title-holder\">\n<span class=\"qode-tab-title\">\n\t    <span class=\"qode-tab-title-inner\">\n        Comunicaci\u00f3n Pride Barcelona 2026    <\/span>\n<\/span>\n<span class=\"qode-accordion-mark\">\n    <span class=\"qode-accordion-mark-icon\">\n        <span class=\"icon_plus\"><\/span>\n        <span class=\"icon_minus-06\"><\/span>\n    <\/span>\n<\/span>\n<\/h4>\n<div  class=\"qode-accordion-content \" >\n    <div class=\"qode-accordion-content-inner\">\n        [vc_column_text]<\/p>\n<h5><b>Informaci\u00f3n de Contrataci\u00f3n<\/b><\/h5>\n<p>[\/vc_column_text][vc_column_text]<b>Contrato de Gesti\u00f3n de Comunicaci\u00f3n de Pride Barcelona 2026<\/b><\/p>\n<p>&nbsp;<\/p>\n<h5><\/h5>\n<p><b>Fecha de Publicaci\u00f3n: <\/b><span style=\"font-weight: 400;\">28\/01\/2026.<\/span><\/p>\n<p><b>Plazo de presentaci\u00f3n de solicitudes:<\/b><span style=\"font-weight: 400;\"> 28 de enero de 2026 al 2 de marzo de 2026.<\/span><\/p>\n<p><b>Tipo de Procedimiento: <\/b><span style=\"font-weight: 400;\">Concurso.<\/span>[\/vc_column_text][vc_separator type=\u00bbnormal\u00bb thickness=\u00bb2px\u00bb up=\u00bb30&#8243;][vc_column_text css=\u00bb.vc_custom_1644927686168{margin-bottom: 30px !important;}\u00bb]<strong>Documentos:<\/strong>[\/vc_column_text]<a  itemprop=\"url\" href=\"http:\/\/www.cambralgtbiq.org\/wp-content\/uploads\/2026\/02\/1.-PCA-Contracte-Comunicacio-2026.docx-1.pdf\" target=\"_self\" data-hover-background-color='#da2d2f' data-hover-border-color='#da2d2f' data-hover-color='#ffffff' class=\"qbutton  small default\" style=\"color: #ffffff; border-color: #da2d2f; background-color: #da2d2f;\">Pliego de Prescripciones Particulares<\/a>[vc_column_text]<em>Fecha de publicaci\u00f3n: 28\/01\/2026<\/em>[\/vc_column_text][vc_separator type=\u00bbnormal\u00bb thickness=\u00bb2px\u00bb up=\u00bb30&#8243;]<a  itemprop=\"url\" href=\"http:\/\/www.cambralgtbiq.org\/wp-content\/uploads\/2026\/02\/2.-PCA-ANNEX-I-Contracte-Comunicacio-2026.docx-1.pdf\" target=\"_self\" data-hover-background-color='#da2d2f' data-hover-border-color='#da2d2f' data-hover-color='#ffffff' class=\"qbutton  small default\" style=\"color: #ffffff; border-color: #da2d2f; background-color: #da2d2f;\">Anexo I - PCA<\/a>[vc_column_text]<em>Fecha de publicaci\u00f3n: 28\/01\/2026<\/em>[\/vc_column_text][vc_separator type=\u00bbnormal\u00bb thickness=\u00bb2px\u00bb up=\u00bb30&#8243;]<a  itemprop=\"url\" href=\"http:\/\/www.cambralgtbiq.org\/wp-content\/uploads\/2026\/02\/3.-PCA-Annex-II-Contracte-Comunicacio-2026.docx-1.pdf\" target=\"_self\" data-hover-background-color='#da2d2f' data-hover-border-color='#da2d2f' data-hover-color='#ffffff' class=\"qbutton  small default\" style=\"color: #ffffff; border-color: #da2d2f; background-color: #da2d2f;\">Anexo II - PCA<\/a>[vc_column_text]<em>Fecha de publicaci\u00f3n: 28\/01\/2026<\/em>[\/vc_column_text][vc_separator type=\u00bbnormal\u00bb thickness=\u00bb2px\u00bb up=\u00bb30&#8243;]<a  itemprop=\"url\" href=\"http:\/\/www.cambralgtbiq.org\/wp-content\/uploads\/2026\/02\/4.-PCA-Annex-III-Contracte-Comunicacio-2026.docx.pdf\" target=\"_self\" data-hover-background-color='#da2d2f' data-hover-border-color='#da2d2f' data-hover-color='#ffffff' class=\"qbutton  small default\" style=\"color: #ffffff; border-color: #da2d2f; background-color: #da2d2f;\">Anexo III - PCA<\/a>[vc_column_text]<em>Fecha de publicaci\u00f3n: 28\/01\/2026<\/em>[\/vc_column_text][vc_separator type=\u00bbnormal\u00bb thickness=\u00bb2px\u00bb up=\u00bb30&#8243;]<a  itemprop=\"url\" href=\"http:\/\/www.cambralgtbiq.org\/wp-content\/uploads\/2026\/02\/5.-PPT-Contracte-Comunicacio-2026.docx.pdf\" target=\"_self\" data-hover-background-color='#da2d2f' data-hover-border-color='#da2d2f' data-hover-color='#ffffff' class=\"qbutton  small default\" style=\"color: #ffffff; border-color: #da2d2f; background-color: #da2d2f;\">Pliego de Prescripciones T\u00e9cnicas<\/a>[vc_column_text]<em>Fecha de publicaci\u00f3n: 28\/01\/2026<\/em>[\/vc_column_text][vc_separator type=\u00bbnormal\u00bb thickness=\u00bb2px\u00bb up=\u00bb30&#8243;][vc_column_text]<span style=\"font-weight: 400;\">Puede dirigir sus consultas sobre el procedimiento en el email hola@cambralgtbiq.org o en el tel\u00e9fono 934534366.<\/span><\/p>\n<p>&nbsp;<\/p>\n<p><span style=\"font-weight: 400;\">Las respuestas a las consultas realizadas se publicar\u00e1n en este apartado web.<\/span>[\/vc_column_text]    <\/div>\n<\/div><h4 class=\"clearfix qode-title-holder\">\n<span class=\"qode-tab-title\">\n\t    <span class=\"qode-tab-title-inner\">\n        Comunicaci\u00f3n Pride! BCN 2023    <\/span>\n<\/span>\n<span class=\"qode-accordion-mark\">\n    <span class=\"qode-accordion-mark-icon\">\n        <span class=\"icon_plus\"><\/span>\n        <span class=\"icon_minus-06\"><\/span>\n    <\/span>\n<\/span>\n<\/h4>\n<div  class=\"qode-accordion-content \" >\n    <div class=\"qode-accordion-content-inner\">\n        [vc_column_text]<\/p>\n<h5><b>Informaci\u00f3n de Contrataci\u00f3n<\/b><\/h5>\n<p>[\/vc_column_text][vc_column_text]<b>Contrato de Gesti\u00f3n de Comunicaci\u00f3n de Pride Barcelona 2023<\/b><\/p>\n<p>&nbsp;<\/p>\n<h5><\/h5>\n<p><b>Fecha de Publicaci\u00f3n: <\/b><span style=\"font-weight: 400;\">23\/11\/2022.<\/span><\/p>\n<p><b>Plazo de presentaci\u00f3n de solicitudes:<\/b><span style=\"font-weight: 400;\"> 12 de diciembre de 2022 al 12 enero 2023.<\/span><\/p>\n<p><b>Tipo de Procedimiento: <\/b><span style=\"font-weight: 400;\">Concurso.<\/span>[\/vc_column_text][vc_separator type=\u00bbnormal\u00bb thickness=\u00bb2px\u00bb up=\u00bb30&#8243;][vc_column_text css=\u00bb.vc_custom_1644927686168{margin-bottom: 30px !important;}\u00bb]<strong>Documentos:<\/strong>[\/vc_column_text]<a  itemprop=\"url\" href=\"http:\/\/www.cambralgtbiq.org\/wp-content\/uploads\/2022\/11\/1.-PCA-Contracte-Comunicacio-2023.pdf\" target=\"_self\" data-hover-background-color='#da2d2f' data-hover-border-color='#da2d2f' data-hover-color='#ffffff' class=\"qbutton  small default\" style=\"color: #ffffff; border-color: #da2d2f; background-color: #da2d2f;\">Pliego de Prescripciones Particulares<\/a>[vc_column_text]<em>Fecha de publicaci\u00f3n: 23\/11\/2022<\/em>[\/vc_column_text][vc_separator type=\u00bbnormal\u00bb thickness=\u00bb2px\u00bb up=\u00bb30&#8243;]<a  itemprop=\"url\" href=\"http:\/\/www.cambralgtbiq.org\/wp-content\/uploads\/2022\/12\/2.-PCA-ANNEX-I-Contracte-Comunicacio-2023.pdf\" target=\"_self\" data-hover-background-color='#da2d2f' data-hover-border-color='#da2d2f' data-hover-color='#ffffff' class=\"qbutton  small default\" style=\"color: #ffffff; border-color: #da2d2f; background-color: #da2d2f;\">Anexo I - PCA<\/a>[vc_column_text]<em>Fecha de publicaci\u00f3n: 23\/11\/2022<\/em>[\/vc_column_text][vc_separator type=\u00bbnormal\u00bb thickness=\u00bb2px\u00bb up=\u00bb30&#8243;]<a  itemprop=\"url\" href=\"http:\/\/www.cambralgtbiq.org\/wp-content\/uploads\/2022\/11\/3.-PCA-ANNEX-II-Contracte-Comunicacio-2023.pdf\" target=\"_self\" data-hover-background-color='#da2d2f' data-hover-border-color='#da2d2f' data-hover-color='#ffffff' class=\"qbutton  small default\" style=\"color: #ffffff; border-color: #da2d2f; background-color: #da2d2f;\">Anexo II - PCA<\/a>[vc_column_text]<em>Fecha de publicaci\u00f3n: 23\/11\/2022<\/em>[\/vc_column_text][vc_separator type=\u00bbnormal\u00bb thickness=\u00bb2px\u00bb up=\u00bb30&#8243;]<a  itemprop=\"url\" href=\"http:\/\/www.cambralgtbiq.org\/wp-content\/uploads\/2022\/11\/4.-PPT-Contracte-Comunicacio-2023.pdf\" target=\"_self\" data-hover-background-color='#da2d2f' data-hover-border-color='#da2d2f' data-hover-color='#ffffff' class=\"qbutton  small default\" style=\"color: #ffffff; border-color: #da2d2f; background-color: #da2d2f;\">Pliego de Prescripciones T\u00e9cnicas<\/a>[vc_column_text]<em>Fecha de publicaci\u00f3n: 23\/11\/2022<\/em>[\/vc_column_text][vc_separator type=\u00bbnormal\u00bb thickness=\u00bb2px\u00bb up=\u00bb30&#8243;][vc_column_text]<span style=\"font-weight: 400;\">Puede dirigir sus consultas sobre el procedimiento en el email hola@cambralgtbiq.org o en el tel\u00e9fono 934534366.<\/span><\/p>\n<p>&nbsp;<\/p>\n<p><span style=\"font-weight: 400;\">Las respuestas a las consultas realizadas se publicar\u00e1n en este apartado web.<\/span>[\/vc_column_text]    <\/div>\n<\/div><h4 class=\"clearfix qode-title-holder\">\n<span class=\"qode-tab-title\">\n\t    <span class=\"qode-tab-title-inner\">\n        Comunicaci\u00f3n Pride! BCN 2022    <\/span>\n<\/span>\n<span class=\"qode-accordion-mark\">\n    <span class=\"qode-accordion-mark-icon\">\n        <span class=\"icon_plus\"><\/span>\n        <span class=\"icon_minus-06\"><\/span>\n    <\/span>\n<\/span>\n<\/h4>\n<div  class=\"qode-accordion-content \" >\n    <div class=\"qode-accordion-content-inner\">\n        [vc_column_text]<\/p>\n<h5><b>Informaci\u00f3n de Contrataci\u00f3n<\/b><\/h5>\n<p>[\/vc_column_text][vc_column_text]<b>Contrato de Gesti\u00f3n de Comunicaci\u00f3n de Pride Barcelona 2022<\/b><\/p>\n<p><i><span style=\"font-weight: 400;\">Procedimiento fuera de plazo<\/span><\/i><\/p>\n<h5><\/h5>\n<p><b>Fecha de Publicaci\u00f3n: <\/b><span style=\"font-weight: 400;\">28\/10\/2021.<\/span><\/p>\n<p><b>Plazo de presentaci\u00f3n de solicitudes:<\/b><span style=\"font-weight: 400;\"> 15 al 29 de noviembre de 2021.<\/span><\/p>\n<p><b>Tipo de Procedimiento: <\/b><span style=\"font-weight: 400;\">Concurso.<\/span>[\/vc_column_text][vc_separator type=\u00bbnormal\u00bb thickness=\u00bb2px\u00bb up=\u00bb30&#8243;][vc_column_text css=\u00bb.vc_custom_1644927686168{margin-bottom: 30px !important;}\u00bb]<strong>Documentos:<\/strong>[\/vc_column_text]<a  itemprop=\"url\" href=\"http:\/\/www.cambralgtbiq.org\/wp-content\/uploads\/2022\/03\/1.-PCA-Contracte-Comunicacio\u0301.pdf\" target=\"_self\" data-hover-background-color='#da2d2f' data-hover-border-color='#da2d2f' data-hover-color='#ffffff' class=\"qbutton  small default\" style=\"color: #ffffff; border-color: #da2d2f; background-color: #da2d2f;\">Pliego de Prescripciones Particulares<\/a>[vc_column_text]<em>Fecha de publicaci\u00f3n: 28\/10\/2021<\/em>[\/vc_column_text][vc_separator type=\u00bbnormal\u00bb thickness=\u00bb2px\u00bb up=\u00bb30&#8243;]<a  itemprop=\"url\" href=\"http:\/\/www.cambralgtbiq.org\/wp-content\/uploads\/2022\/03\/2.-PCA-ANNEX-I-Contracte-Comunicacio\u0301.pdf\" target=\"_self\" data-hover-background-color='#da2d2f' data-hover-border-color='#da2d2f' data-hover-color='#ffffff' class=\"qbutton  small default\" style=\"color: #ffffff; border-color: #da2d2f; background-color: #da2d2f;\">Anexo I - PCA<\/a>[vc_column_text]<em>Fecha de publicaci\u00f3n: 28\/10\/2021<\/em>[\/vc_column_text][vc_separator type=\u00bbnormal\u00bb thickness=\u00bb2px\u00bb up=\u00bb30&#8243;]<a  itemprop=\"url\" href=\"http:\/\/www.cambralgtbiq.org\/wp-content\/uploads\/2022\/03\/3.-PCA-ANNEX-II-Contracte-Comunicacio\u0301-2022.docx\" target=\"_self\" data-hover-background-color='#da2d2f' data-hover-border-color='#da2d2f' data-hover-color='#ffffff' class=\"qbutton  small default\" style=\"color: #ffffff; border-color: #da2d2f; background-color: #da2d2f;\">Anexo II - PCA<\/a>[vc_column_text]<em>Fecha de publicaci\u00f3n: 28\/10\/2021<\/em>[\/vc_column_text][vc_separator type=\u00bbnormal\u00bb thickness=\u00bb2px\u00bb up=\u00bb30&#8243;]<a  itemprop=\"url\" href=\"http:\/\/www.cambralgtbiq.org\/wp-content\/uploads\/2022\/03\/4.-PPT-Contracte-Comunicacio\u0301.pdf\" target=\"_self\" data-hover-background-color='#da2d2f' data-hover-border-color='#da2d2f' data-hover-color='#ffffff' class=\"qbutton  small default\" style=\"color: #ffffff; border-color: #da2d2f; background-color: #da2d2f;\">Pliego de Prescripciones T\u00e9cnicas<\/a>[vc_column_text]<em>Fecha de publicaci\u00f3n: 28\/10\/2021<\/em>[\/vc_column_text][vc_separator type=\u00bbnormal\u00bb thickness=\u00bb2px\u00bb up=\u00bb30&#8243;][vc_column_text]Procedimiento delcarado desierto.[\/vc_column_text]    <\/div>\n<\/div><h4 class=\"clearfix qode-title-holder\">\n<span class=\"qode-tab-title\">\n\t    <span class=\"qode-tab-title-inner\">\n        Comunicaci\u00f3n Pride! BCN 2020    <\/span>\n<\/span>\n<span class=\"qode-accordion-mark\">\n    <span class=\"qode-accordion-mark-icon\">\n        <span class=\"icon_plus\"><\/span>\n        <span class=\"icon_minus-06\"><\/span>\n    <\/span>\n<\/span>\n<\/h4>\n<div  class=\"qode-accordion-content \" >\n    <div class=\"qode-accordion-content-inner\">\n        [vc_column_text]<\/p>\n<h5><b>Informaci\u00f3n de Contrataci\u00f3n<\/b><\/h5>\n<p>[\/vc_column_text][vc_column_text]<b>Contrato de Gesti\u00f3n de Comunicaci\u00f3n de ACEGAL y el Pride Barcelona 2020.<\/b><\/p>\n<p><i><span style=\"font-weight: 400;\">Procedimiento fuera de plazo<\/span><\/i><\/p>\n<p><i><span style=\"font-weight: 400;\">Se ha subsanado el documento Anexo I PCA, apartado 25 calendario, debido a un error material.\u00a0<\/span><\/i><\/p>\n<p><i><span style=\"font-weight: 400;\">El calendario de presentaci\u00f3n de proposiciones es el publicado en esta web, es decir del 11 al 20 de diciembre 2019.<\/span><\/i><\/p>\n<p>&nbsp;<\/p>\n<p><b>Fecha de Publicaci\u00f3n: <\/b><span style=\"font-weight: 400;\">27\/11\/2019<\/span><\/p>\n<p><b>Plazo de presentaci\u00f3n de solicitudes:<\/b><span style=\"font-weight: 400;\"> 111 al 20 de diciembre de 2019 \u2013<\/span><\/p>\n<p><b>Tipo de Procedimiento: <\/b><span style=\"font-weight: 400;\">Concurso.<\/span>[\/vc_column_text][vc_separator type=\u00bbnormal\u00bb thickness=\u00bb2px\u00bb up=\u00bb30&#8243;][vc_column_text css=\u00bb.vc_custom_1644927686168{margin-bottom: 30px !important;}\u00bb]<strong>Documentos:<\/strong>[\/vc_column_text]<a  itemprop=\"url\" href=\"http:\/\/www.cambralgtbiq.org\/wp-content\/uploads\/2022\/03\/PCA-Contracte-Comunicacio\u0301-2020.pdf\" target=\"_self\" data-hover-background-color='#da2d2f' data-hover-border-color='#da2d2f' data-hover-color='#ffffff' class=\"qbutton  small default\" style=\"color: #ffffff; border-color: #da2d2f; background-color: #da2d2f;\">Pliego de Prescripciones Particulares<\/a>[vc_column_text]<em>Fecha de publicaci\u00f3n: <span style=\"font-weight: 400;\">27\/11\/2019<\/span><\/em>[\/vc_column_text][vc_separator type=\u00bbnormal\u00bb thickness=\u00bb2px\u00bb up=\u00bb30&#8243;]<a  itemprop=\"url\" href=\"http:\/\/www.cambralgtbiq.org\/wp-content\/uploads\/2022\/03\/PCA-ANNEX-I-Contracte-Comunicacio\u0301_esmenat.pdf\" target=\"_self\" data-hover-background-color='#da2d2f' data-hover-border-color='#da2d2f' data-hover-color='#ffffff' class=\"qbutton  small default\" style=\"color: #ffffff; border-color: #da2d2f; background-color: #da2d2f;\">Anexo I - PCA<\/a>[vc_column_text]<em>Fecha de publicaci\u00f3n: <span style=\"font-weight: 400;\">Enmendado el 11\/12\/2019<\/span><\/em>[\/vc_column_text][vc_separator type=\u00bbnormal\u00bb thickness=\u00bb2px\u00bb up=\u00bb30&#8243;]<a  itemprop=\"url\" href=\"http:\/\/www.cambralgtbiq.org\/wp-content\/uploads\/2022\/03\/PCA-ANNEX-II-Contracte-Comunicacio\u0301-2020.docx\" target=\"_self\" data-hover-background-color='#da2d2f' data-hover-border-color='#da2d2f' data-hover-color='#ffffff' class=\"qbutton  small default\" style=\"color: #ffffff; border-color: #da2d2f; background-color: #da2d2f;\">Anexo II - PCA<\/a>[vc_column_text]<em>Fecha de publicaci\u00f3n: <span style=\"font-weight: 400;\">27\/11\/2019<\/span><\/em>[\/vc_column_text][vc_separator type=\u00bbnormal\u00bb thickness=\u00bb2px\u00bb up=\u00bb30&#8243;]<a  itemprop=\"url\" href=\"http:\/\/www.cambralgtbiq.org\/wp-content\/uploads\/2022\/03\/PPT-Contracte-Comunicacio\u0301-2020-1.pdf\" target=\"_self\" data-hover-background-color='#da2d2f' data-hover-border-color='#da2d2f' data-hover-color='#ffffff' class=\"qbutton  small default\" style=\"color: #ffffff; border-color: #da2d2f; background-color: #da2d2f;\">Pliego de Prescripciones T\u00e9cnicas<\/a>[vc_column_text]<em>Fecha de publicaci\u00f3n: <span style=\"font-weight: 400;\">27\/11\/2019<\/span><\/em>[\/vc_column_text][vc_separator type=\u00bbnormal\u00bb thickness=\u00bb2px\u00bb up=\u00bb30&#8243;]<a  itemprop=\"url\" href=\"http:\/\/www.cambralgtbiq.org\/wp-content\/uploads\/2022\/03\/Acta-1_191224.pdf\" target=\"_self\" data-hover-background-color='#da2d2f' data-hover-border-color='#da2d2f' data-hover-color='#ffffff' class=\"qbutton  small default\" style=\"color: #ffffff; border-color: #da2d2f; background-color: #da2d2f;\">Acta Apertura sobre A<\/a>[vc_column_text]<em>Fecha de publicaci\u00f3n: <span style=\"font-weight: 400;\">13\/ 01\/2020<\/span><\/em>[\/vc_column_text][vc_separator type=\u00bbnormal\u00bb thickness=\u00bb2px\u00bb up=\u00bb30&#8243;]<a  itemprop=\"url\" href=\"http:\/\/www.cambralgtbiq.org\/wp-content\/uploads\/2022\/03\/Acta-2.pdf\" target=\"_self\" data-hover-background-color='#da2d2f' data-hover-border-color='#da2d2f' data-hover-color='#ffffff' class=\"qbutton  small default\" style=\"color: #ffffff; border-color: #da2d2f; background-color: #da2d2f;\">Acta Apertura sobre B<\/a>[vc_column_text]<em>Fecha de publicaci\u00f3n: <span style=\"font-weight: 400;\">13\/ 01\/2020<\/span><\/em>[\/vc_column_text][vc_separator type=\u00bbnormal\u00bb thickness=\u00bb2px\u00bb up=\u00bb30&#8243;]<a  itemprop=\"url\" href=\"http:\/\/www.cambralgtbiq.org\/wp-content\/uploads\/2022\/03\/Acta-3_200113.pdf\" target=\"_self\" data-hover-background-color='#da2d2f' data-hover-border-color='#da2d2f' data-hover-color='#ffffff' class=\"qbutton  small default\" style=\"color: #ffffff; border-color: #da2d2f; background-color: #da2d2f;\">Acta Apertura sobre C<\/a>[vc_column_text]<em>Fecha de publicaci\u00f3n: <span style=\"font-weight: 400;\">13\/ 01\/2020<\/span><\/em>[\/vc_column_text][vc_separator type=\u00bbnormal\u00bb thickness=\u00bb2px\u00bb up=\u00bb30&#8243;]<a  itemprop=\"url\" href=\"http:\/\/www.cambralgtbiq.org\/wp-content\/uploads\/2022\/03\/Contracte-ACEGAL_t.pdf\" target=\"_self\" data-hover-background-color='#da2d2f' data-hover-border-color='#da2d2f' data-hover-color='#ffffff' class=\"qbutton  small default\" style=\"color: #ffffff; border-color: #da2d2f; background-color: #da2d2f;\">Contrato<\/a>[vc_column_text]<em>Fecha de publicaci\u00f3n: <span style=\"font-weight: 400;\">15\/ 01\/2020<\/span><\/em>[\/vc_column_text][vc_separator type=\u00bbnormal\u00bb thickness=\u00bb2px\u00bb up=\u00bb30&#8243;]<a  itemprop=\"url\" href=\"\" target=\"_self\" data-hover-background-color='#da2d2f' data-hover-border-color='#da2d2f' data-hover-color='#ffffff' class=\"qbutton  small default\" style=\"color: #ffffff; border-color: #da2d2f; background-color: #da2d2f;\">Modificaci\u00f3n del contrato<\/a>[vc_column_text]<em>Fecha de publicaci\u00f3n: <span style=\"font-weight: 400;\">28\/07\/2020<\/span><\/em>[\/vc_column_text][vc_separator type=\u00bbnormal\u00bb thickness=\u00bb2px\u00bb up=\u00bb30&#8243;]    <\/div>\n<\/div><h4 class=\"clearfix qode-title-holder\">\n<span class=\"qode-tab-title\">\n\t    <span class=\"qode-tab-title-inner\">\n        Comunicaci\u00f3n Pride! BCN 2019    <\/span>\n<\/span>\n<span class=\"qode-accordion-mark\">\n    <span class=\"qode-accordion-mark-icon\">\n        <span class=\"icon_plus\"><\/span>\n        <span class=\"icon_minus-06\"><\/span>\n    <\/span>\n<\/span>\n<\/h4>\n<div  class=\"qode-accordion-content \" >\n    <div class=\"qode-accordion-content-inner\">\n        [vc_column_text]<\/p>\n<h5><b>Informaci\u00f3n de Contrataci\u00f3n<\/b><\/h5>\n<p>[\/vc_column_text][vc_column_text]<b>Contrato de Gesti\u00f3n de Comunicaci\u00f3n del Pride Barcelona 2019<\/b><\/p>\n<p><b>\u00a0<\/b><i><span style=\"font-weight: 400;\">Procedimiento fuera de plazo<\/span><\/i><\/p>\n<p>&nbsp;<\/p>\n<p><b>Fecha de Publicaci\u00f3n: <\/b><span style=\"font-weight: 400;\">5\/12\/2018<\/span><\/p>\n<p><b>Plazo de presentaci\u00f3n de solicitudes:<\/b><span style=\"font-weight: 400;\"> hasta el 20\/12\/2018<\/span><\/p>\n<p><b>Tipo de Procedimiento: <\/b><span style=\"font-weight: 400;\">Concurso.<\/span>[\/vc_column_text][vc_separator type=\u00bbnormal\u00bb thickness=\u00bb2px\u00bb up=\u00bb30&#8243;][vc_column_text css=\u00bb.vc_custom_1644927686168{margin-bottom: 30px !important;}\u00bb]<strong>Documentos:<\/strong>[\/vc_column_text]<a  itemprop=\"url\" href=\"http:\/\/www.cambralgtbiq.org\/wp-content\/uploads\/2022\/03\/PCA-Contracte-Comunicacio\u0301-2019.pdf\" target=\"_self\" data-hover-background-color='#da2d2f' data-hover-border-color='#da2d2f' data-hover-color='#ffffff' class=\"qbutton  small default\" style=\"color: #ffffff; border-color: #da2d2f; background-color: #da2d2f;\">Pliego de Prescripciones Particulares<\/a>[vc_column_text]<em>Fecha de publicaci\u00f3n: <span style=\"font-weight: 400;\">05\/12\/2018<\/span><\/em>[\/vc_column_text][vc_separator type=\u00bbnormal\u00bb thickness=\u00bb2px\u00bb up=\u00bb30&#8243;]<a  itemprop=\"url\" href=\"http:\/\/www.cambralgtbiq.org\/wp-content\/uploads\/2022\/03\/PCA-ANNEX-I-Contracte-Publicitat-2019.pdf\" target=\"_self\" data-hover-background-color='#da2d2f' data-hover-border-color='#da2d2f' data-hover-color='#ffffff' class=\"qbutton  small default\" style=\"color: #ffffff; border-color: #da2d2f; background-color: #da2d2f;\">Anexo I - PCA<\/a>[vc_column_text]<em>Fecha de publicaci\u00f3n: <span style=\"font-weight: 400;\">05\/12\/2018<\/span><\/em>[\/vc_column_text][vc_separator type=\u00bbnormal\u00bb thickness=\u00bb2px\u00bb up=\u00bb30&#8243;]<a  itemprop=\"url\" href=\"http:\/\/www.cambralgtbiq.org\/wp-content\/uploads\/2022\/03\/PCA-ANNEX-II-Contracte-Publicitat-2019.docx\" target=\"_self\" data-hover-background-color='#da2d2f' data-hover-border-color='#da2d2f' data-hover-color='#ffffff' class=\"qbutton  small default\" style=\"color: #ffffff; border-color: #da2d2f; background-color: #da2d2f;\">Anexo II - PCA<\/a>[vc_column_text]<em>Fecha de publicaci\u00f3n: <span style=\"font-weight: 400;\">05\/12\/2018<\/span><\/em>[\/vc_column_text][vc_separator type=\u00bbnormal\u00bb thickness=\u00bb2px\u00bb up=\u00bb30&#8243;]<a  itemprop=\"url\" href=\"http:\/\/www.cambralgtbiq.org\/wp-content\/uploads\/2022\/03\/PPT-Contracte-Comunicacio\u0301-2019.pdf\" target=\"_self\" data-hover-background-color='#da2d2f' data-hover-border-color='#da2d2f' data-hover-color='#ffffff' class=\"qbutton  small default\" style=\"color: #ffffff; border-color: #da2d2f; background-color: #da2d2f;\">Pliego de Prescripciones T\u00e9cnicas<\/a>[vc_column_text]<em>Fecha de publicaci\u00f3n: <span style=\"font-weight: 400;\">05\/12\/2018<\/span><\/em>[\/vc_column_text][vc_separator type=\u00bbnormal\u00bb thickness=\u00bb2px\u00bb up=\u00bb30&#8243;]<a  itemprop=\"url\" href=\"http:\/\/www.cambralgtbiq.org\/wp-content\/uploads\/2022\/03\/Acta-1.pdf\" target=\"_self\" data-hover-background-color='#da2d2f' data-hover-border-color='#da2d2f' data-hover-color='#ffffff' class=\"qbutton  small default\" style=\"color: #ffffff; border-color: #da2d2f; background-color: #da2d2f;\">Acta Apertura sobre A<\/a>[vc_column_text]<em>Fecha de publicaci\u00f3n: <span style=\"font-weight: 400;\">21\/12\/ 2018<\/span><\/em>[\/vc_column_text][vc_separator type=\u00bbnormal\u00bb thickness=\u00bb2px\u00bb up=\u00bb30&#8243;]<a  itemprop=\"url\" href=\"http:\/\/www.cambralgtbiq.org\/wp-content\/uploads\/2022\/03\/Acta-2-1.pdf\" target=\"_self\" data-hover-background-color='#da2d2f' data-hover-border-color='#da2d2f' data-hover-color='#ffffff' class=\"qbutton  small default\" style=\"color: #ffffff; border-color: #da2d2f; background-color: #da2d2f;\">Acta Apertura sobre B<\/a>[vc_column_text]<em>Fecha de publicaci\u00f3n: <span style=\"font-weight: 400;\">05\/01\/2019<\/span><\/em>[\/vc_column_text][vc_separator type=\u00bbnormal\u00bb thickness=\u00bb2px\u00bb up=\u00bb30&#8243;]<a  itemprop=\"url\" href=\"\" target=\"_self\" data-hover-background-color='#da2d2f' data-hover-border-color='#da2d2f' data-hover-color='#ffffff' class=\"qbutton  small default\" style=\"color: #ffffff; border-color: #da2d2f; background-color: #da2d2f;\">Acta Apertura sobre C<\/a>[vc_column_text]<em>Fecha de publicaci\u00f3n: <span style=\"font-weight: 400;\">09\/01\/2019<\/span><\/em>[\/vc_column_text][vc_separator type=\u00bbnormal\u00bb thickness=\u00bb2px\u00bb up=\u00bb30&#8243;]<a  itemprop=\"url\" href=\"\" target=\"_self\" data-hover-background-color='#da2d2f' data-hover-border-color='#da2d2f' data-hover-color='#ffffff' class=\"qbutton  small default\" style=\"color: #ffffff; border-color: #da2d2f; background-color: #da2d2f;\">Contrato<\/a>[vc_column_text]<em>Fecha de publicaci\u00f3n: 16<span style=\"font-weight: 400;\">\/01\/2019<\/span><\/em>[\/vc_column_text][vc_separator type=\u00bbnormal\u00bb thickness=\u00bb2px\u00bb up=\u00bb30&#8243;]    <\/div>\n<\/div><h4 class=\"clearfix qode-title-holder\">\n<span class=\"qode-tab-title\">\n\t    <span class=\"qode-tab-title-inner\">\n        Comunicaci\u00f3n Pride! BCN 2018    <\/span>\n<\/span>\n<span class=\"qode-accordion-mark\">\n    <span class=\"qode-accordion-mark-icon\">\n        <span class=\"icon_plus\"><\/span>\n        <span class=\"icon_minus-06\"><\/span>\n    <\/span>\n<\/span>\n<\/h4>\n<div  class=\"qode-accordion-content \" >\n    <div class=\"qode-accordion-content-inner\">\n        [vc_column_text]<\/p>\n<h5><b>Informaci\u00f3n de Contrataci\u00f3n<\/b><\/h5>\n<p>[\/vc_column_text][vc_column_text]<b>Contrato de Gesti\u00f3n de Comunicaci\u00f3n del Pride Barcelona 2018<\/b><\/p>\n<p><b>\u00a0<\/b><i><span style=\"font-weight: 400;\">Procedimiento fuera de plazo<\/span><\/i><\/p>\n<p>&nbsp;<\/p>\n<p><b>Fecha de Publicaci\u00f3n: <\/b><span style=\"font-weight: 400;\">20\/12\/2017<\/span><\/p>\n<p><b>Plazo de presentaci\u00f3n de solicitudes:<\/b><span style=\"font-weight: 400;\"> hasta el 15\/01\/2018<\/span><\/p>\n<p><b>Tipo de Procedimiento: <\/b><span style=\"font-weight: 400;\">Concurso.<\/span>[\/vc_column_text][vc_separator type=\u00bbnormal\u00bb thickness=\u00bb2px\u00bb up=\u00bb30&#8243;][vc_column_text css=\u00bb.vc_custom_1644927686168{margin-bottom: 30px !important;}\u00bb]<strong>Documentos:<\/strong>[\/vc_column_text]<a  itemprop=\"url\" href=\"http:\/\/www.cambralgtbiq.org\/wp-content\/uploads\/2022\/03\/1.-PCA-Contracte-Comunicacio\u0301-1.pdf\" target=\"_self\" data-hover-background-color='#da2d2f' data-hover-border-color='#da2d2f' data-hover-color='#ffffff' class=\"qbutton  small default\" style=\"color: #ffffff; border-color: #da2d2f; background-color: #da2d2f;\">Pliego de Prescripciones Particulares<\/a>[vc_column_text]<em>Fecha de publicaci\u00f3n: <span style=\"font-weight: 400;\">20\/12\/2017<\/span><\/em>[\/vc_column_text][vc_separator type=\u00bbnormal\u00bb thickness=\u00bb2px\u00bb up=\u00bb30&#8243;]<a  itemprop=\"url\" href=\"http:\/\/www.cambralgtbiq.org\/wp-content\/uploads\/2022\/03\/2.-PCA-ANNEX-I-Contracte-Publicitat.pdf\" target=\"_self\" data-hover-background-color='#da2d2f' data-hover-border-color='#da2d2f' data-hover-color='#ffffff' class=\"qbutton  small default\" style=\"color: #ffffff; border-color: #da2d2f; background-color: #da2d2f;\">Anexo I - PCA<\/a>[vc_column_text]<em>Fecha de publicaci\u00f3n: <span style=\"font-weight: 400;\">20\/12\/2017<\/span><\/em>[\/vc_column_text][vc_separator type=\u00bbnormal\u00bb thickness=\u00bb2px\u00bb up=\u00bb30&#8243;]<a  itemprop=\"url\" href=\"http:\/\/www.cambralgtbiq.org\/wp-content\/uploads\/2022\/03\/3.-PCA-ANNEX-II-Contracte-Publicitat.pdf\" target=\"_self\" data-hover-background-color='#da2d2f' data-hover-border-color='#da2d2f' data-hover-color='#ffffff' class=\"qbutton  small default\" style=\"color: #ffffff; border-color: #da2d2f; background-color: #da2d2f;\">Anexo II - PCA<\/a>[vc_column_text]<em>Fecha de publicaci\u00f3n: <span style=\"font-weight: 400;\">20\/12\/2017<\/span><\/em>[\/vc_column_text][vc_separator type=\u00bbnormal\u00bb thickness=\u00bb2px\u00bb up=\u00bb30&#8243;]<a  itemprop=\"url\" href=\"http:\/\/www.cambralgtbiq.org\/wp-content\/uploads\/2022\/03\/4.-PPT-Contracte-Comunicacio\u0301-1.pdf\" target=\"_self\" data-hover-background-color='#da2d2f' data-hover-border-color='#da2d2f' data-hover-color='#ffffff' class=\"qbutton  small default\" style=\"color: #ffffff; border-color: #da2d2f; background-color: #da2d2f;\">Pliego de Prescripciones T\u00e9cnicas<\/a>[vc_column_text]<em>Fecha de publicaci\u00f3n: <span style=\"font-weight: 400;\">20\/12\/2017<\/span><\/em>[\/vc_column_text][vc_separator type=\u00bbnormal\u00bb thickness=\u00bb2px\u00bb up=\u00bb30&#8243;]<a  itemprop=\"url\" href=\"http:\/\/www.cambralgtbiq.org\/wp-content\/uploads\/2022\/03\/Acta-1-1.pdf\" target=\"_self\" data-hover-background-color='#da2d2f' data-hover-border-color='#da2d2f' data-hover-color='#ffffff' class=\"qbutton  small default\" style=\"color: #ffffff; border-color: #da2d2f; background-color: #da2d2f;\">Acta Apertura sobre A<\/a>[vc_column_text]<em>Fecha de publicaci\u00f3n: <span style=\"font-weight: 400;\">16\/01\/2018<\/span><\/em>[\/vc_column_text][vc_separator type=\u00bbnormal\u00bb thickness=\u00bb2px\u00bb up=\u00bb30&#8243;]<a  itemprop=\"url\" href=\"http:\/\/www.cambralgtbiq.org\/wp-content\/uploads\/2022\/03\/Acta-2-2.pdf\" target=\"_self\" data-hover-background-color='#da2d2f' data-hover-border-color='#da2d2f' data-hover-color='#ffffff' class=\"qbutton  small default\" style=\"color: #ffffff; border-color: #da2d2f; background-color: #da2d2f;\">Acta Apertura sobre B<\/a>[vc_column_text]<em>Fecha de publicaci\u00f3n: <span style=\"font-weight: 400;\">23\/01\/2018<\/span><\/em>[\/vc_column_text][vc_separator type=\u00bbnormal\u00bb thickness=\u00bb2px\u00bb up=\u00bb30&#8243;]<a  itemprop=\"url\" href=\"http:\/\/www.cambralgtbiq.org\/wp-content\/uploads\/2022\/03\/Acta-3.pdf\" target=\"_self\" data-hover-background-color='#da2d2f' data-hover-border-color='#da2d2f' data-hover-color='#ffffff' class=\"qbutton  small default\" style=\"color: #ffffff; border-color: #da2d2f; background-color: #da2d2f;\">Acta Apertura sobre C<\/a>[vc_column_text]<em>Fecha de publicaci\u00f3n: <span style=\"font-weight: 400;\">23\/01\/2018<\/span><\/em>[\/vc_column_text][vc_separator type=\u00bbnormal\u00bb thickness=\u00bb2px\u00bb up=\u00bb30&#8243;]<a  itemprop=\"url\" href=\"http:\/\/www.cambralgtbiq.org\/wp-content\/uploads\/2022\/03\/JD-ACTA-250118.pdf\" target=\"_self\" data-hover-background-color='#da2d2f' data-hover-border-color='#da2d2f' data-hover-color='#ffffff' class=\"qbutton  small default\" style=\"color: #ffffff; border-color: #da2d2f; background-color: #da2d2f;\">Contrato<\/a>[vc_column_text]<em>Fecha de publicaci\u00f3n: <span style=\"font-weight: 400;\">25\/01\/2018<\/span><\/em>[\/vc_column_text][vc_separator type=\u00bbnormal\u00bb thickness=\u00bb2px\u00bb up=\u00bb30&#8243;]    <\/div>\n<\/div><\/div>[\/vc_column][vc_column width=\u00bb1\/2&#8243;][vc_column_text css=\u00bb.vc_custom_1647515683322{margin-bottom: 20px !important;}\u00bb]<\/p>\n<h4 style=\"color: #05ce7c;\"><b>Contrataci\u00f3n no sujeta a proceso abierto.<\/b><\/h4>\n<p>[\/vc_column_text]<a  itemprop=\"url\" href=\"#\" target=\"_self\" data-hover-background-color='#da2d2f' data-hover-border-color='#da2d2f' data-hover-color='#ffffff' class=\"qbutton  small default\" style=\"color: #ffffff; border-color: #da2d2f; background-color: #da2d2f;\">2021 - No existen contratos<\/a>[vc_separator type=\u00bbnormal\u00bb thickness=\u00bb2px\u00bb]<a  itemprop=\"url\" href=\"#\" target=\"_self\" data-hover-background-color='#da2d2f' data-hover-border-color='#da2d2f' data-hover-color='#ffffff' class=\"qbutton  small default\" style=\"color: #ffffff; border-color: #da2d2f; background-color: #da2d2f;\">2020 - No existen contratos<\/a>[vc_separator type=\u00bbnormal\u00bb thickness=\u00bb2px\u00bb]<a  itemprop=\"url\" href=\"http:\/\/www.cambralgtbiq.org\/wp-content\/uploads\/2022\/03\/Ctes-no-oberts-2019-4.xlsx\" target=\"_self\" data-hover-background-color='#da2d2f' data-hover-border-color='#da2d2f' data-hover-color='#ffffff' class=\"qbutton  small default\" style=\"color: #ffffff; border-color: #da2d2f; background-color: #da2d2f;\">2019 - Detalle contratos 2019<\/a>[vc_separator type=\u00bbnormal\u00bb thickness=\u00bb2px\u00bb]<a  itemprop=\"url\" href=\"http:\/\/www.cambralgtbiq.org\/wp-content\/uploads\/2022\/03\/Ctes-no-oberts-2018-4.xlsx\" target=\"_self\" data-hover-background-color='#da2d2f' data-hover-border-color='#da2d2f' data-hover-color='#ffffff' class=\"qbutton  small default\" style=\"color: #ffffff; border-color: #da2d2f; background-color: #da2d2f;\">2018 - Detalle contratos 2018<\/a>[vc_separator type=\u00bbnormal\u00bb thickness=\u00bb2px\u00bb]<a  itemprop=\"url\" href=\"http:\/\/www.cambralgtbiq.org\/wp-content\/uploads\/2022\/03\/Ctes-no-oberts-2017.xlsx\" target=\"_self\" data-hover-background-color='#da2d2f' data-hover-border-color='#da2d2f' data-hover-color='#ffffff' class=\"qbutton  small default\" style=\"color: #ffffff; border-color: #da2d2f; background-color: #da2d2f;\">2017 - Detalle contratos 2017<\/a>[\/vc_column][\/vc_row][vc_row css_animation=\u00bb\u00bb row_type=\u00bbrow\u00bb use_row_as_full_screen_section=\u00bbno\u00bb type=\u00bbgrid\u00bb angled_section=\u00bbno\u00bb text_align=\u00bbleft\u00bb background_image_as_pattern=\u00bbwithout_pattern\u00bb z_index=\u00bb\u00bb css=\u00bb.vc_custom_1644930443183{margin-bottom: 100px !important;}\u00bb][vc_column width=\u00bb1\/2&#8243;][vc_column_text css=\u00bb.vc_custom_1644930789921{margin-bottom: 20px !important;}\u00bb]<\/p>\n<h4 style=\"color: #05ce7c;\"><b>Informaci\u00f3n Econ\u00f3mica<\/b><\/h4>\n<p>[\/vc_column_text]<div class=\"qode-accordion-holder clearfix qode-toggle qode-initial \">\n\t<h4 class=\"clearfix qode-title-holder\">\n<span class=\"qode-tab-title\">\n\t    <span class=\"qode-tab-title-inner\">\n        2021    <\/span>\n<\/span>\n<span class=\"qode-accordion-mark\">\n    <span class=\"qode-accordion-mark-icon\">\n        <span class=\"icon_plus\"><\/span>\n        <span class=\"icon_minus-06\"><\/span>\n    <\/span>\n<\/span>\n<\/h4>\n<div  class=\"qode-accordion-content \" >\n    <div class=\"qode-accordion-content-inner\">\n        <a  itemprop=\"url\" href=\"http:\/\/www.cambralgtbiq.org\/wp-content\/uploads\/2022\/03\/Balanc\u0327.pdf\" target=\"_self\" data-hover-background-color='#da2d2f' data-hover-border-color='#da2d2f' data-hover-color='#ffffff' class=\"qbutton  small default\" style=\"color: #ffffff; border-color: #da2d2f; background-color: #da2d2f;\">Balance de Situaci\u00f3n<\/a>[vc_separator type=\u00bbnormal\u00bb thickness=\u00bb2px\u00bb]<a  itemprop=\"url\" href=\"http:\/\/www.cambralgtbiq.org\/wp-content\/uploads\/2022\/03\/PyG.pdf\" target=\"_self\" data-hover-background-color='#da2d2f' data-hover-border-color='#da2d2f' data-hover-color='#ffffff' class=\"qbutton  small default\" style=\"color: #ffffff; border-color: #da2d2f; background-color: #da2d2f;\">P\u00e9rdidas y Ganancias<\/a>[vc_separator type=\u00bbnormal\u00bb thickness=\u00bb2px\u00bb]<a  itemprop=\"url\" href=\"http:\/\/www.cambralgtbiq.org\/wp-content\/uploads\/2022\/03\/certificat-retribucions-1.pdf\" target=\"_self\" data-hover-background-color='#da2d2f' data-hover-border-color='#da2d2f' data-hover-color='#ffffff' class=\"qbutton  small default\" style=\"color: #ffffff; border-color: #da2d2f; background-color: #da2d2f;\">Retribuciones de Cargos Directivos<\/a>    <\/div>\n<\/div><h4 class=\"clearfix qode-title-holder\">\n<span class=\"qode-tab-title\">\n\t    <span class=\"qode-tab-title-inner\">\n        2020    <\/span>\n<\/span>\n<span class=\"qode-accordion-mark\">\n    <span class=\"qode-accordion-mark-icon\">\n        <span class=\"icon_plus\"><\/span>\n        <span class=\"icon_minus-06\"><\/span>\n    <\/span>\n<\/span>\n<\/h4>\n<div  class=\"qode-accordion-content \" >\n    <div class=\"qode-accordion-content-inner\">\n        <a  itemprop=\"url\" href=\"http:\/\/www.cambralgtbiq.org\/wp-content\/uploads\/2022\/03\/Balanc\u0327-2020.pdf\" target=\"_self\" data-hover-background-color='#da2d2f' data-hover-border-color='#da2d2f' data-hover-color='#ffffff' class=\"qbutton  small default\" style=\"color: #ffffff; border-color: #da2d2f; background-color: #da2d2f;\">Balance de Situaci\u00f3n<\/a>[vc_separator type=\u00bbnormal\u00bb thickness=\u00bb2px\u00bb]<a  itemprop=\"url\" href=\"http:\/\/www.cambralgtbiq.org\/wp-content\/uploads\/2022\/03\/PyG-2020.pdf\" target=\"_self\" data-hover-background-color='#da2d2f' data-hover-border-color='#da2d2f' data-hover-color='#ffffff' class=\"qbutton  small default\" style=\"color: #ffffff; border-color: #da2d2f; background-color: #da2d2f;\">P\u00e9rdidas y Ganancias<\/a>[vc_separator type=\u00bbnormal\u00bb thickness=\u00bb2px\u00bb]<a  itemprop=\"url\" href=\"http:\/\/www.cambralgtbiq.org\/wp-content\/uploads\/2022\/03\/certificat-retribucions.pdf\" target=\"_self\" data-hover-background-color='#da2d2f' data-hover-border-color='#da2d2f' data-hover-color='#ffffff' class=\"qbutton  small default\" style=\"color: #ffffff; border-color: #da2d2f; background-color: #da2d2f;\">Retribuciones de Cargos Directivos<\/a>    <\/div>\n<\/div><h4 class=\"clearfix qode-title-holder\">\n<span class=\"qode-tab-title\">\n\t    <span class=\"qode-tab-title-inner\">\n        2019    <\/span>\n<\/span>\n<span class=\"qode-accordion-mark\">\n    <span class=\"qode-accordion-mark-icon\">\n        <span class=\"icon_plus\"><\/span>\n        <span class=\"icon_minus-06\"><\/span>\n    <\/span>\n<\/span>\n<\/h4>\n<div  class=\"qode-accordion-content \" >\n    <div class=\"qode-accordion-content-inner\">\n        <a  itemprop=\"url\" href=\"http:\/\/www.cambralgtbiq.org\/wp-content\/uploads\/2022\/03\/Balanc\u0327-2019.pdf\" target=\"_self\" data-hover-background-color='#da2d2f' data-hover-border-color='#da2d2f' data-hover-color='#ffffff' class=\"qbutton  small default\" style=\"color: #ffffff; border-color: #da2d2f; background-color: #da2d2f;\">Balance de Situaci\u00f3n<\/a>[vc_separator type=\u00bbnormal\u00bb thickness=\u00bb2px\u00bb]<a  itemprop=\"url\" href=\"http:\/\/www.cambralgtbiq.org\/wp-content\/uploads\/2022\/03\/PyG-2019.pdf\" target=\"_self\" data-hover-background-color='#da2d2f' data-hover-border-color='#da2d2f' data-hover-color='#ffffff' class=\"qbutton  small default\" style=\"color: #ffffff; border-color: #da2d2f; background-color: #da2d2f;\">P\u00e9rdidas y Ganancias<\/a>[vc_separator type=\u00bbnormal\u00bb thickness=\u00bb2px\u00bb]<a  itemprop=\"url\" href=\"http:\/\/www.cambralgtbiq.org\/wp-content\/uploads\/2022\/03\/certificat-retribucions19.pdf\" target=\"_self\" data-hover-background-color='#da2d2f' data-hover-border-color='#da2d2f' data-hover-color='#ffffff' class=\"qbutton  small default\" style=\"color: #ffffff; border-color: #da2d2f; background-color: #da2d2f;\">Retribuciones de Cargos Directivos<\/a>    <\/div>\n<\/div><h4 class=\"clearfix qode-title-holder\">\n<span class=\"qode-tab-title\">\n\t    <span class=\"qode-tab-title-inner\">\n        2018    <\/span>\n<\/span>\n<span class=\"qode-accordion-mark\">\n    <span class=\"qode-accordion-mark-icon\">\n        <span class=\"icon_plus\"><\/span>\n        <span class=\"icon_minus-06\"><\/span>\n    <\/span>\n<\/span>\n<\/h4>\n<div  class=\"qode-accordion-content \" >\n    <div class=\"qode-accordion-content-inner\">\n        <a  itemprop=\"url\" href=\"http:\/\/www.cambralgtbiq.org\/wp-content\/uploads\/2022\/03\/Balanc\u0327-2018.pdf\" target=\"_self\" data-hover-background-color='#da2d2f' data-hover-border-color='#da2d2f' data-hover-color='#ffffff' class=\"qbutton  small default\" style=\"color: #ffffff; border-color: #da2d2f; background-color: #da2d2f;\">Balance de Situaci\u00f3n<\/a>[vc_separator type=\u00bbnormal\u00bb thickness=\u00bb2px\u00bb]<a  itemprop=\"url\" href=\"http:\/\/www.cambralgtbiq.org\/wp-content\/uploads\/2022\/03\/PyG-2018.pdf\" target=\"_self\" data-hover-background-color='#da2d2f' data-hover-border-color='#da2d2f' data-hover-color='#ffffff' class=\"qbutton  small default\" style=\"color: #ffffff; border-color: #da2d2f; background-color: #da2d2f;\">P\u00e9rdidas y Ganancias<\/a>[vc_separator type=\u00bbnormal\u00bb thickness=\u00bb2px\u00bb]<a  itemprop=\"url\" href=\"http:\/\/www.cambralgtbiq.org\/wp-content\/uploads\/2022\/03\/certificat-retribucions18.pdf\" target=\"_self\" data-hover-background-color='#da2d2f' data-hover-border-color='#da2d2f' data-hover-color='#ffffff' class=\"qbutton  small default\" style=\"color: #ffffff; border-color: #da2d2f; background-color: #da2d2f;\">Retribuciones de Cargos Directivos<\/a>    <\/div>\n<\/div><\/div>[\/vc_column][vc_column width=\u00bb1\/2&#8243;][vc_column_text css=\u00bb.vc_custom_1644930661090{margin-bottom: 20px !important;}\u00bb]<\/p>\n<h4 style=\"color: #05ce7c;\"><b>Informaci\u00f3n Organizativa<\/b><\/h4>\n<p>[\/vc_column_text]<a  itemprop=\"url\" href=\"http:\/\/www.cambralgtbiq.org\/wp-content\/uploads\/2022\/03\/Estatuts-Cambra-LGTBIQ.pdf\" target=\"_self\" data-hover-background-color='#da2d2f' data-hover-border-color='#da2d2f' data-hover-color='#ffffff' class=\"qbutton  small default\" style=\"color: #ffffff; border-color: #da2d2f; background-color: #da2d2f;\">Estatutos<\/a>[vc_separator type=\u00bbnormal\u00bb thickness=\u00bb2px\u00bb]<a  itemprop=\"url\" href=\"#\" target=\"_self\" data-hover-background-color='#da2d2f' data-hover-border-color='#da2d2f' data-hover-color='#ffffff' class=\"qbutton  small default\" style=\"color: #ffffff; border-color: #da2d2f; background-color: #da2d2f;\">Convenios<\/a>[\/vc_column][\/vc_row]<\/p>\n","protected":false},"excerpt":{"rendered":"<p>[vc_row css_animation=\u00bb\u00bb row_type=\u00bbrow\u00bb use_row_as_full_screen_section=\u00bbno\u00bb type=\u00bbgrid\u00bb angled_section=\u00bbno\u00bb text_align=\u00bbcenter\u00bb background_image_as_pattern=\u00bbwithout_pattern\u00bb z_index=\u00bb\u00bb css=\u00bb.vc_custom_1646663357713{padding-top: 300px !important;padding-bottom: 300px !important;background-image: url(http:\/\/www.cambralgtbiq.org\/wp-content\/uploads\/2022\/02\/fondoobjetivos.jpg?id=126) !important;}\u00bb el_class=\u00bbcenter-justified\u00bb][vc_column width=\u00bb1\/6&#8243;][\/vc_column][vc_column width=\u00bb2\/3&#8243;][vc_column_text] Conoce la Cambra [\/vc_column_text][\/vc_column][vc_column width=\u00bb1\/6&#8243;][\/vc_column][\/vc_row][vc_row css_animation=\u00bb\u00bb row_type=\u00bbrow\u00bb use_row_as_full_screen_section=\u00bbno\u00bb type=\u00bbgrid\u00bb angled_section=\u00bbno\u00bb text_align=\u00bbleft\u00bb background_image_as_pattern=\u00bbwithout_pattern\u00bb z_index=\u00bb\u00bb css=\u00bb.vc_custom_1644932159726{padding-top: 100px !important;}\u00bb el_class=\u00bbJUSTIFyp\u00bb][vc_column width=\u00bb1\/2&#8243; css=\u00bb.vc_custom_1644924899981{padding-right: 30px !important;padding-left: 30px !important;}\u00bb][vc_column_text] Objetivos [\/vc_column_text][vc_separator type=\u00bbsmall\u00bb&#8230;<\/p>\n","protected":false},"author":2,"featured_media":0,"parent":0,"menu_order":0,"comment_status":"closed","ping_status":"closed","template":"full_width.php","meta":{"om_disable_all_campaigns":false},"aioseo_notices":[],"_links":{"self":[{"href":"https:\/\/www.cambralgtbiq.org\/es\/wp-json\/wp\/v2\/pages\/92"}],"collection":[{"href":"https:\/\/www.cambralgtbiq.org\/es\/wp-json\/wp\/v2\/pages"}],"about":[{"href":"https:\/\/www.cambralgtbiq.org\/es\/wp-json\/wp\/v2\/types\/page"}],"author":[{"embeddable":true,"href":"https:\/\/www.cambralgtbiq.org\/es\/wp-json\/wp\/v2\/users\/2"}],"replies":[{"embeddable":true,"href":"https:\/\/www.cambralgtbiq.org\/es\/wp-json\/wp\/v2\/comments?post=92"}],"version-history":[{"count":56,"href":"https:\/\/www.cambralgtbiq.org\/es\/wp-json\/wp\/v2\/pages\/92\/revisions"}],"predecessor-version":[{"id":2773,"href":"https:\/\/www.cambralgtbiq.org\/es\/wp-json\/wp\/v2\/pages\/92\/revisions\/2773"}],"wp:attachment":[{"href":"https:\/\/www.cambralgtbiq.org\/es\/wp-json\/wp\/v2\/media?parent=92"}],"curies":[{"name":"wp","href":"https:\/\/api.w.org\/{rel}","templated":true}]}}